{"version":"1.0","provider_name":"","provider_url":"https:\/\/sulsc.com","author_name":"Reda\u00e7\u00e3o Sul SC","author_url":"https:\/\/sulsc.com\/index.php\/author\/redacao\/","title":"Tubar\u00e3o Gabinete do Prefeito - Nota Oficial -","type":"rich","width":600,"height":338,"html":"<blockquote class=\"wp-embedded-content\" data-secret=\"ggY0hEHVm9\"><a href=\"https:\/\/sulsc.com\/index.php\/2026\/01\/08\/tubarao-gabinete-do-prefeito-nota-oficial\/\">Tubar\u00e3o Gabinete do Prefeito &#8211; Nota Oficial<\/a><\/blockquote><iframe sandbox=\"allow-scripts\" security=\"restricted\" src=\"https:\/\/sulsc.com\/index.php\/2026\/01\/08\/tubarao-gabinete-do-prefeito-nota-oficial\/embed\/#?secret=ggY0hEHVm9\" width=\"600\" height=\"338\" title=\"&#8220;Tubar\u00e3o Gabinete do Prefeito &#8211; Nota Oficial&#8221; &#8212; \" data-secret=\"ggY0hEHVm9\" frameborder=\"0\" marginwidth=\"0\" marginheight=\"0\" scrolling=\"no\" class=\"wp-embedded-content\"><\/iframe><script>\n\/*! This file is auto-generated *\/\n!function(c,d){\"use strict\";var e=!1,o=!1;if(d.querySelector)if(c.addEventListener)e=!0;if(c.wp=c.wp||{},c.wp.receiveEmbedMessage);else if(c.wp.receiveEmbedMessage=function(e){var t=e.data;if(!t);else if(!(t.secret||t.message||t.value));else if(\/[^a-zA-Z0-9]\/.test(t.secret));else{for(var r,s,a,i=d.querySelectorAll('iframe[data-secret=\"'+t.secret+'\"]'),n=d.querySelectorAll('blockquote[data-secret=\"'+t.secret+'\"]'),o=new RegExp(\"^https?:$\",\"i\"),l=0;l<n.length;l++)n[l].style.display=\"none\";for(l=0;l<i.length;l++)if(r=i[l],e.source!==r.contentWindow);else{if(r.removeAttribute(\"style\"),\"height\"===t.message){if(1e3<(s=parseInt(t.value,10)))s=1e3;else if(~~s<200)s=200;r.height=s}if(\"link\"===t.message)if(s=d.createElement(\"a\"),a=d.createElement(\"a\"),s.href=r.getAttribute(\"src\"),a.href=t.value,!o.test(a.protocol));else if(a.host===s.host)if(d.activeElement===r)c.top.location.href=t.value}}},e)c.addEventListener(\"message\",c.wp.receiveEmbedMessage,!1),d.addEventListener(\"DOMContentLoaded\",t,!1),c.addEventListener(\"load\",t,!1);function t(){if(o);else{o=!0;for(var e,t,r,s=-1!==navigator.appVersion.indexOf(\"MSIE 10\"),a=!!navigator.userAgent.match(\/Trident.*rv:11\\.\/),i=d.querySelectorAll(\"iframe.wp-embedded-content\"),n=0;n<i.length;n++){if(!(r=(t=i[n]).getAttribute(\"data-secret\")))r=Math.random().toString(36).substr(2,10),t.src+=\"#?secret=\"+r,t.setAttribute(\"data-secret\",r);if(s||a)(e=t.cloneNode(!0)).removeAttribute(\"security\"),t.parentNode.replaceChild(e,t);t.contentWindow.postMessage({message:\"ready\",secret:r},\"*\")}}}}(window,document);\n<\/script>\n","thumbnail_url":"http:\/\/sulsc.com\/wp-content\/uploads\/2026\/01\/0d6baba4-5b96-463d-ac64-14eda566a94d.jpeg","thumbnail_width":1280,"thumbnail_height":960,"description":"A Prefeitura de Tubar\u00e3o informa que n\u00e3o houve qualquer opera\u00e7\u00e3o policial, cumprimento de mandados ou a\u00e7\u00f5es da Opera\u00e7\u00e3o Coleta Seletiva nas depend\u00eancias da Administra\u00e7\u00e3o Municipal nesta quinta-feira (o8). O Munic\u00edpio esclarece que n\u00e3o \u00e9 alvo da investiga\u00e7\u00e3o conduzida pela Pol\u00edcia Civil e que nenhuma secretaria, servidor ou gestor da Prefeitura de Tubar\u00e3o est\u00e1 envolvido nos &hellip;  Read More &raquo;"}