{"id":34,"date":"2023-08-07T12:46:02","date_gmt":"2023-08-07T15:46:02","guid":{"rendered":"https:\/\/sulsc.com\/?page_id=34"},"modified":"2025-07-20T16:01:28","modified_gmt":"2025-07-20T19:01:28","slug":"inicio","status":"publish","type":"page","link":"https:\/\/sulsc.com\/","title":{"rendered":"In\u00edcio"},"content":{"rendered":"\t\t<div data-elementor-type=\"wp-page\" data-elementor-id=\"34\" class=\"elementor elementor-34\" data-elementor-post-type=\"page\">\n\t\t\t\t\t\t<section class=\"elementor-section elementor-top-section elementor-element elementor-element-7cff9be elementor-section-boxed elementor-section-height-default elementor-section-height-default\" data-id=\"7cff9be\" data-element_type=\"section\">\n\t\t\t\t\t\t<div class=\"elementor-container elementor-column-gap-default\">\n\t\t\t\t\t<div class=\"elementor-column elementor-col-100 elementor-top-column elementor-element elementor-element-5ed5fdb\" data-id=\"5ed5fdb\" data-element_type=\"column\">\n\t\t\t<div class=\"elementor-widget-wrap elementor-element-populated\">\n\t\t\t\t\t\t<div class=\"elementor-element elementor-element-90dfaef elementor-widget elementor-widget-shortcode\" data-id=\"90dfaef\" data-element_type=\"widget\" data-widget_type=\"shortcode.default\">\n\t\t\t\t<div class=\"elementor-widget-container\">\n\t\t\t\t\t\t\t<div class=\"elementor-shortcode\"><div id=\"metaslider-id-25553\" style=\"width: 100%;\" class=\"ml-slider-3-99-0 metaslider metaslider-flex metaslider-25553 ml-slider has-onhover-arrows ms-theme-default-base has-dots-nav\" role=\"region\" aria-label=\"Topo\" data-width=\"1200\">\n    <div id=\"metaslider_container_25553\">\n        <div id=\"metaslider_25553\">\n            <ul class='slides'>\n                <li style=\"display: block; width: 100%;\" class=\"slide-25592 ms-image \" aria-roledescription=\"slide\" data-date=\"2025-07-20 21:55:51\"><img loading=\"lazy\" decoding=\"async\" src=\"https:\/\/sulsc.com\/wp-content\/uploads\/2025\/07\/Maar-1-1000x166.jpg\" height=\"200\" width=\"1200\" alt=\"\" class=\"slider-25553 slide-25592 msDefaultImage\" title=\"Maar 1\" \/><\/li>\n                <li style=\"display: none; width: 100%;\" class=\"slide-25596 ms-image \" aria-roledescription=\"slide\" data-date=\"2025-07-20 22:02:05\"><img loading=\"lazy\" decoding=\"async\" src=\"https:\/\/sulsc.com\/wp-content\/uploads\/2023\/08\/taverna-1000x166.jpeg\" height=\"200\" width=\"1200\" alt=\"\" class=\"slider-25553 slide-25596 msDefaultImage\" title=\"taverna\" \/><\/li>\n                <li style=\"display: none; width: 100%;\" class=\"slide-25600 ms-image \" aria-roledescription=\"slide\" data-date=\"2025-07-20 22:07:28\"><img loading=\"lazy\" decoding=\"async\" src=\"https:\/\/sulsc.com\/wp-content\/uploads\/2025\/07\/banner-calpe-1080x180.jpg\" height=\"200\" width=\"1200\" alt=\"\" class=\"slider-25553 slide-25600 msDefaultImage\" title=\"banner calpe\" \/><\/li>\n                <li style=\"display: none; width: 100%;\" class=\"slide-32765 ms-image \" aria-roledescription=\"slide\" data-date=\"2026-03-03 17:21:47\"><img loading=\"lazy\" decoding=\"async\" src=\"https:\/\/sulsc.com\/wp-content\/uploads\/2026\/03\/271ce739-f268-41c5-8051-3de1a1750359-1000x166.jpeg\" height=\"200\" width=\"1200\" alt=\"\" class=\"slider-25553 slide-32765 msDefaultImage\" title=\"271ce739-f268-41c5-8051-3de1a1750359\" \/><\/li>\n                <li style=\"display: none; width: 100%;\" class=\"slide-33435 ms-image \" aria-roledescription=\"slide\" data-date=\"2026-04-14 08:11:32\"><img loading=\"lazy\" decoding=\"async\" src=\"https:\/\/sulsc.com\/wp-content\/uploads\/2026\/04\/regiao_Sul_BANNERS_WEB_1000x185px-1000x166.png\" height=\"200\" width=\"1200\" alt=\"\" class=\"slider-25553 slide-33435 msDefaultImage\" title=\"regiao_Sul_BANNERS_WEB_1000x185px\" \/><\/li>\n            <\/ul>\n        <\/div>\n        \n    <\/div>\n<\/div><\/div>\n\t\t\t\t\t\t<\/div>\n\t\t\t\t<\/div>\n\t\t\t\t<div class=\"elementor-element elementor-element-5e25fe4 elementor-widget elementor-widget-heading\" data-id=\"5e25fe4\" data-element_type=\"widget\" data-widget_type=\"heading.default\">\n\t\t\t\t<div class=\"elementor-widget-container\">\n\t\t\t\t\t<h2 class=\"elementor-heading-title elementor-size-default\">\u00daLTIMAS NOT\u00cdCIAS\u200b<\/h2>\t\t\t\t<\/div>\n\t\t\t\t<\/div>\n\t\t\t\t<div class=\"elementor-element elementor-element-3892e0d elementor-widget elementor-widget-ucaddon_post_magazine_grid\" data-id=\"3892e0d\" data-element_type=\"widget\" data-widget_type=\"ucaddon_post_magazine_grid.default\">\n\t\t\t\t<div class=\"elementor-widget-container\">\n\t\t\t\t\t<!-- start Post Magazine Grid -->\n\t\t<link id='font-awesome-css' href='https:\/\/sulsc.com\/wp-content\/plugins\/unlimited-elements-for-elementor-premium\/assets_libraries\/font-awesome5\/css\/fontawesome-all.min.css' type='text\/css' rel='stylesheet' >\n\t\t<link id='font-awesome-4-shim-css' href='https:\/\/sulsc.com\/wp-content\/plugins\/unlimited-elements-for-elementor-premium\/assets_libraries\/font-awesome5\/css\/fontawesome-v4-shims.css' type='text\/css' rel='stylesheet' >\n\n\t\t\t<style type=\"text\/css\">\/* widget: Post Magazine Grid *\/\n\n\n\n#uc_post_magazine_grid_elementor_3892e0d *\n{\n  box-sizing:border-box;\n}\n#uc_post_magazine_grid_elementor_3892e0d\n{\n  display: grid;\n  grid-auto-rows: 1fr;\n}\n\n#uc_post_magazine_grid_elementor_3892e0d div.ue-grid-item\n{\n  overflow:hidden;\n  display:flex;\n  position:relative;\n}\n\n#uc_post_magazine_grid_elementor_3892e0d .ue-grid-item-image img\n{\n  width:100%;\n  display:block;\n}\n\n\n#uc_post_magazine_grid_elementor_3892e0d.ue-layout-cover .ue-grid-item-image\n{\n  position:absolute;\n  top:0;\n  left:0;\n  bottom:0;\n  right:0;\n}\n\n#uc_post_magazine_grid_elementor_3892e0d.ue-layout-cover .ue-grid-item-image img\n{\n  height:100%;\n  object-fit: cover;\n}\n\n#uc_post_magazine_grid_elementor_3892e0d.ue-layout-cover .ue-grid-item-content\n{\n  position:absolute;\n  width:100%;\n  bottom:0px;\n}\n\n#uc_post_magazine_grid_elementor_3892e0d .ue-grid-item-image-overlay\n{\n  position:absolute;\n  width:100%;\n  top:0;\n  display:block;\n  bottom:0;\n  height:100%;\n  transition:0.3s;\n}\n\n.ue-grid-item-title a\n{\n  font-size:21px;\n  font-weight:bold;\n}\n\n.ue-grid-item-category a\n{\n  display:inline-block;\n  font-size:10px;\n  text-transform:uppercase;\n}\n\n#uc_post_magazine_grid_elementor_3892e0d .uc_more_btn{\n\n  text-align:center;\n  text-decoration:none;\n  transition:0.3s;\n}\n\n#uc_post_magazine_grid_elementor_3892e0d .ue-grid-item-meta-data\n{\n  display:flex;\n  flex-wrap: wrap;\n}\n\n.ue-grid-item-meta-data\n{\n  font-size:12px;\n}\n\n#uc_post_magazine_grid_elementor_3892e0d .ue-grid-item-meta-data-icon\n{\n  line-height:1em;\n}\n\n#uc_post_magazine_grid_elementor_3892e0d .ue-grid-item-meta-data-icon svg\n{\n  width:1em;\n  height:1em;\n}\n\n\n\n#uc_post_magazine_grid_elementor_3892e0d .ue-date-calendar\n{\n      position:absolute;\n      top:0px;\n     left:0px;\n     text-align:center;\n    }\n\n@media only screen and (max-width: 600px) {\n  #uc_post_magazine_grid_elementor_3892e0d div.ue-grid-item\n  {\n    grid-column: span 1;\n    grid-row: span 1;\n  }\n  #uc_post_magazine_grid_elementor_3892e0d\n  {\n  grid-template-columns: repeat(1, 1fr);\n  }\n}\n\n<\/style>\n\n\t\t\t<div id=\"uc_post_magazine_grid_elementor_3892e0d\" class=\"post_magazine_grid ue-layout-cover uc-items-wrapper\" >\n\t<div class=\"ue-grid-item\">\n\t<div class=\"ue-grid-item-image\">\n       \n          <img loading=\"lazy\" decoding=\"async\" src=\"https:\/\/sulsc.com\/wp-content\/uploads\/2026\/05\/17765a3b-bbfa-478c-b20e-b707ce2fafb6-768x512.jpg\"  src=\"https:\/\/sulsc.com\/wp-content\/uploads\/2026\/05\/17765a3b-bbfa-478c-b20e-b707ce2fafb6-768x512.jpg\" alt=\"17765a3b-bbfa-478c-b20e-b707ce2fafb6\" width=\"768\" height=\"512\">  \n      \t\n\t        \n      <a class=\"ue-grid-item-image-overlay\" href=\"https:\/\/sulsc.com\/index.php\/2026\/05\/02\/atlantico-rs-domina-e-supera-o-tubarao-futsal-em-casa-na-noite-desta-sexta-feira-1\/\" aria-label=\"Read more about Atl\u00e2ntico\/RS domina e supera o Tubar\u00e3o Futsal em casa na noite desta sexta-feira 1\u00b0\" ><\/a>\n    <\/div>\n    <div class=\"ue-grid-item-content\">\n      \n      \n                  \n      \n            \n      <div class=\"ue-grid-item-title\"><a href=\"https:\/\/sulsc.com\/index.php\/2026\/05\/02\/atlantico-rs-domina-e-supera-o-tubarao-futsal-em-casa-na-noite-desta-sexta-feira-1\/\">Atl\u00e2ntico\/RS domina e supera o Tubar\u00e3o Futsal em casa na noite desta sexta-feira 1\u00b0<\/a><\/div>      \n            \n                <\/div>\n  \n    \n    \n  \n<\/div>\n<div class=\"ue-grid-item\">\n\t<div class=\"ue-grid-item-image\">\n       \n          <img loading=\"lazy\" decoding=\"async\" src=\"https:\/\/sulsc.com\/wp-content\/uploads\/2025\/06\/PM-3-768x484.jpg\"  src=\"https:\/\/sulsc.com\/wp-content\/uploads\/2025\/06\/PM-3-768x484.jpg\" alt=\"PM 3\" width=\"768\" height=\"484\">  \n      \t\n\t        \n      <a class=\"ue-grid-item-image-overlay\" href=\"https:\/\/sulsc.com\/index.php\/2026\/05\/02\/homem-com-mandado-aberto-por-homicidio-e-preso-no-fim-da-tarde-desta-sexta-feira-em-imbituba\/\" aria-label=\"Read more about Homem com mandado aberto por homic\u00eddio \u00e9 preso no fim da tarde desta sexta-feira em Imbituba\" ><\/a>\n    <\/div>\n    <div class=\"ue-grid-item-content\">\n      \n      \n                  \n      \n            \n      <div class=\"ue-grid-item-title\"><a href=\"https:\/\/sulsc.com\/index.php\/2026\/05\/02\/homem-com-mandado-aberto-por-homicidio-e-preso-no-fim-da-tarde-desta-sexta-feira-em-imbituba\/\">Homem com mandado aberto por homic\u00eddio \u00e9 preso no fim da tarde desta sexta-feira em Imbituba<\/a><\/div>      \n            \n                <\/div>\n  \n    \n    \n  \n<\/div>\n<div class=\"ue-grid-item\">\n\t<div class=\"ue-grid-item-image\">\n       \n          <img loading=\"lazy\" decoding=\"async\" src=\"https:\/\/sulsc.com\/wp-content\/uploads\/2024\/10\/temporal-768x346.jpg\"  src=\"https:\/\/sulsc.com\/wp-content\/uploads\/2024\/10\/temporal-768x346.jpg\" alt=\"temporal\" width=\"768\" height=\"346\">  \n      \t\n\t        \n      <a class=\"ue-grid-item-image-overlay\" href=\"https:\/\/sulsc.com\/index.php\/2026\/05\/02\/sabado-02-com-chuva-e-temporais-isolados-na-regiao-sul-e-domingo-frio-e-geada-em-sc\/\" aria-label=\"Read more about S\u00e1bado (02) com chuva e temporais isolados na regi\u00e3o sul e domingo com frio e geada em SC\" ><\/a>\n    <\/div>\n    <div class=\"ue-grid-item-content\">\n      \n      \n                  \n      \n            \n      <div class=\"ue-grid-item-title\"><a href=\"https:\/\/sulsc.com\/index.php\/2026\/05\/02\/sabado-02-com-chuva-e-temporais-isolados-na-regiao-sul-e-domingo-frio-e-geada-em-sc\/\">S\u00e1bado (02) com chuva e temporais isolados na regi\u00e3o sul e domingo com frio e geada em SC<\/a><\/div>      \n            \n                <\/div>\n  \n    \n    \n  \n<\/div>\n<div class=\"ue-grid-item\">\n\t<div class=\"ue-grid-item-image\">\n       \n          <img loading=\"lazy\" decoding=\"async\" src=\"https:\/\/sulsc.com\/wp-content\/uploads\/2025\/11\/dinheiro-real-768x512.jpg\"  src=\"https:\/\/sulsc.com\/wp-content\/uploads\/2025\/11\/dinheiro-real-768x512.jpg\" alt=\"In this photo illustration being displayed fifty, one hundred an\" width=\"768\" height=\"512\">  \n      \t\n\t        \n      <a class=\"ue-grid-item-image-overlay\" href=\"https:\/\/sulsc.com\/index.php\/2026\/05\/01\/r-127-milhoes-esse-foi-o-premio-da-mega-sena-que-um-apostador-de-curitiba-ganhou-sozinho-nesta-quinta-feira-30\/\" aria-label=\"Read more about R$ 127 milh\u00f5es esse foi o pr\u00eamio da Mega-Sena que um apostador de Curitiba ganhou sozinho nesta quinta-feira (30)\" ><\/a>\n    <\/div>\n    <div class=\"ue-grid-item-content\">\n      \n      \n                  \n      \n            \n      <div class=\"ue-grid-item-title\"><a href=\"https:\/\/sulsc.com\/index.php\/2026\/05\/01\/r-127-milhoes-esse-foi-o-premio-da-mega-sena-que-um-apostador-de-curitiba-ganhou-sozinho-nesta-quinta-feira-30\/\">R$ 127 milh\u00f5es esse foi o pr\u00eamio da Mega-Sena que um apostador de Curitiba ganhou sozinho nesta quinta-feira (30)<\/a><\/div>      \n            \n                <\/div>\n  \n    \n    \n  \n<\/div>\n<div class=\"ue-grid-item\">\n\t<div class=\"ue-grid-item-image\">\n       \n          <img loading=\"lazy\" decoding=\"async\" src=\"https:\/\/sulsc.com\/wp-content\/uploads\/2025\/01\/CCR-768x512.jpg\"  src=\"https:\/\/sulsc.com\/wp-content\/uploads\/2025\/01\/CCR-768x512.jpg\" alt=\"CCR\" width=\"768\" height=\"512\">  \n      \t\n\t        \n      <a class=\"ue-grid-item-image-overlay\" href=\"https:\/\/sulsc.com\/index.php\/2026\/05\/01\/confira-os-horarios-de-grande-movimento-na-br-101-neste-feriadao-1-de-maio\/\" aria-label=\"Read more about Confira os hor\u00e1rios de grande movimento na BR-101 neste feriad\u00e3o 1\u00b0 de Maio\" ><\/a>\n    <\/div>\n    <div class=\"ue-grid-item-content\">\n      \n      \n                  \n      \n            \n      <div class=\"ue-grid-item-title\"><a href=\"https:\/\/sulsc.com\/index.php\/2026\/05\/01\/confira-os-horarios-de-grande-movimento-na-br-101-neste-feriadao-1-de-maio\/\">Confira os hor\u00e1rios de grande movimento na BR-101 neste feriad\u00e3o 1\u00b0 de Maio<\/a><\/div>      \n            \n                <\/div>\n  \n    \n    \n  \n<\/div>\n\n<\/div>\n\n\n\t\t\t<!-- end Post Magazine Grid -->\t\t\t\t<\/div>\n\t\t\t\t<\/div>\n\t\t\t\t\t<\/div>\n\t\t<\/div>\n\t\t\t\t\t<\/div>\n\t\t<\/section>\n\t\t\t\t<section class=\"elementor-section elementor-top-section elementor-element elementor-element-2a5a295 elementor-section-boxed elementor-section-height-default elementor-section-height-default\" data-id=\"2a5a295\" data-element_type=\"section\">\n\t\t\t\t\t\t<div class=\"elementor-container elementor-column-gap-default\">\n\t\t\t\t\t<div class=\"elementor-column elementor-col-66 elementor-top-column elementor-element elementor-element-a7bd2f9\" data-id=\"a7bd2f9\" data-element_type=\"column\">\n\t\t\t<div class=\"elementor-widget-wrap elementor-element-populated\">\n\t\t\t\t\t\t<div class=\"elementor-element elementor-element-6ee0937 elementor-widget elementor-widget-heading\" data-id=\"6ee0937\" data-element_type=\"widget\" data-widget_type=\"heading.default\">\n\t\t\t\t<div class=\"elementor-widget-container\">\n\t\t\t\t\t<h2 class=\"elementor-heading-title elementor-size-default\">SEGURAN\u00c7A<\/h2>\t\t\t\t<\/div>\n\t\t\t\t<\/div>\n\t\t\t\t<div class=\"elementor-element elementor-element-de0e3b1 elementor-grid-3 elementor-grid-tablet-2 elementor-grid-mobile-1 elementor-posts--thumbnail-top elementor-widget elementor-widget-posts\" data-id=\"de0e3b1\" data-element_type=\"widget\" data-settings=\"{&quot;classic_columns&quot;:&quot;3&quot;,&quot;classic_columns_tablet&quot;:&quot;2&quot;,&quot;classic_columns_mobile&quot;:&quot;1&quot;,&quot;classic_row_gap&quot;:{&quot;unit&quot;:&quot;px&quot;,&quot;size&quot;:35,&quot;sizes&quot;:[]},&quot;classic_row_gap_tablet&quot;:{&quot;unit&quot;:&quot;px&quot;,&quot;size&quot;:&quot;&quot;,&quot;sizes&quot;:[]},&quot;classic_row_gap_mobile&quot;:{&quot;unit&quot;:&quot;px&quot;,&quot;size&quot;:&quot;&quot;,&quot;sizes&quot;:[]}}\" data-widget_type=\"posts.classic\">\n\t\t\t\t<div class=\"elementor-widget-container\">\n\t\t\t\t\t\t\t<div class=\"elementor-posts-container elementor-posts elementor-posts--skin-classic elementor-grid\">\n\t\t\t\t<article class=\"elementor-post elementor-grid-item post-33688 post type-post status-publish format-standard has-post-thumbnail hentry category-amrec category-amurel category-geral category-sc category-seguranca category-ultimas tag-ccr-viacosteira\">\n\t\t\t\t<a class=\"elementor-post__thumbnail__link\" href=\"https:\/\/sulsc.com\/index.php\/2026\/05\/01\/confira-os-horarios-de-grande-movimento-na-br-101-neste-feriadao-1-de-maio\/\" >\n\t\t\t<div class=\"elementor-post__thumbnail\"><img loading=\"lazy\" decoding=\"async\" width=\"300\" height=\"200\" src=\"https:\/\/sulsc.com\/wp-content\/uploads\/2025\/01\/CCR-300x200.jpg\" class=\"attachment-medium size-medium wp-image-18858\" alt=\"\" srcset=\"https:\/\/sulsc.com\/wp-content\/uploads\/2025\/01\/CCR-300x200.jpg 300w, https:\/\/sulsc.com\/wp-content\/uploads\/2025\/01\/CCR-1024x683.jpg 1024w, https:\/\/sulsc.com\/wp-content\/uploads\/2025\/01\/CCR-768x512.jpg 768w, https:\/\/sulsc.com\/wp-content\/uploads\/2025\/01\/CCR.jpg 1279w\" sizes=\"(max-width: 300px) 100vw, 300px\" \/><\/div>\n\t\t<\/a>\n\t\t\t\t<div class=\"elementor-post__text\">\n\t\t\t\t<h3 class=\"elementor-post__title\">\n\t\t\t<a href=\"https:\/\/sulsc.com\/index.php\/2026\/05\/01\/confira-os-horarios-de-grande-movimento-na-br-101-neste-feriadao-1-de-maio\/\" >\n\t\t\t\tConfira os hor\u00e1rios de grande movimento na BR-101 neste feriad\u00e3o 1\u00b0 de Maio\t\t\t<\/a>\n\t\t<\/h3>\n\t\t\t\t<\/div>\n\t\t\t\t<\/article>\n\t\t\t\t<article class=\"elementor-post elementor-grid-item post-33672 post type-post status-publish format-standard has-post-thumbnail hentry category-amurel category-geral category-gravatal category-sc category-seguranca category-ultimas tag-acidente\">\n\t\t\t\t<a class=\"elementor-post__thumbnail__link\" href=\"https:\/\/sulsc.com\/index.php\/2026\/04\/29\/colisao-entre-dois-carros-deixa-tres-feridos-na-sc-370-em-gravatal-no-inicio-da-tarde-desta-quarta-feira\/\" >\n\t\t\t<div class=\"elementor-post__thumbnail\"><img loading=\"lazy\" decoding=\"async\" width=\"300\" height=\"225\" src=\"https:\/\/sulsc.com\/wp-content\/uploads\/2026\/04\/a2077ffd-cd7f-4d3f-81af-ddfcb1bcce17-300x225.jpg\" class=\"attachment-medium size-medium wp-image-33674\" alt=\"\" srcset=\"https:\/\/sulsc.com\/wp-content\/uploads\/2026\/04\/a2077ffd-cd7f-4d3f-81af-ddfcb1bcce17-300x225.jpg 300w, https:\/\/sulsc.com\/wp-content\/uploads\/2026\/04\/a2077ffd-cd7f-4d3f-81af-ddfcb1bcce17-1024x768.jpg 1024w, https:\/\/sulsc.com\/wp-content\/uploads\/2026\/04\/a2077ffd-cd7f-4d3f-81af-ddfcb1bcce17-768x576.jpg 768w, https:\/\/sulsc.com\/wp-content\/uploads\/2026\/04\/a2077ffd-cd7f-4d3f-81af-ddfcb1bcce17-1536x1152.jpg 1536w, https:\/\/sulsc.com\/wp-content\/uploads\/2026\/04\/a2077ffd-cd7f-4d3f-81af-ddfcb1bcce17.jpg 1600w\" sizes=\"(max-width: 300px) 100vw, 300px\" \/><\/div>\n\t\t<\/a>\n\t\t\t\t<div class=\"elementor-post__text\">\n\t\t\t\t<h3 class=\"elementor-post__title\">\n\t\t\t<a href=\"https:\/\/sulsc.com\/index.php\/2026\/04\/29\/colisao-entre-dois-carros-deixa-tres-feridos-na-sc-370-em-gravatal-no-inicio-da-tarde-desta-quarta-feira\/\" >\n\t\t\t\tColis\u00e3o entre dois carros deixa tr\u00eas feridos na SC-370, em Gravatal no inicio da tarde desta quarta-feira\t\t\t<\/a>\n\t\t<\/h3>\n\t\t\t\t<\/div>\n\t\t\t\t<\/article>\n\t\t\t\t<article class=\"elementor-post elementor-grid-item post-33668 post type-post status-publish format-standard has-post-thumbnail hentry category-gaeco category-geral category-sc category-seguranca category-ultimas tag-gaeco\">\n\t\t\t\t<a class=\"elementor-post__thumbnail__link\" href=\"https:\/\/sulsc.com\/index.php\/2026\/04\/29\/deflagrada-operacao-ajuste-fino-gaeco-investiga-cartel-de-empresarios-organizado-para-fraudar-licitacoes-em-santa-catarina\/\" >\n\t\t\t<div class=\"elementor-post__thumbnail\"><img loading=\"lazy\" decoding=\"async\" width=\"240\" height=\"300\" src=\"https:\/\/sulsc.com\/wp-content\/uploads\/2026\/04\/55237976321_3353a4e706_z-240x300.jpg\" class=\"attachment-medium size-medium wp-image-33670\" alt=\"\" srcset=\"https:\/\/sulsc.com\/wp-content\/uploads\/2026\/04\/55237976321_3353a4e706_z-240x300.jpg 240w, https:\/\/sulsc.com\/wp-content\/uploads\/2026\/04\/55237976321_3353a4e706_z.jpg 512w\" sizes=\"(max-width: 240px) 100vw, 240px\" \/><\/div>\n\t\t<\/a>\n\t\t\t\t<div class=\"elementor-post__text\">\n\t\t\t\t<h3 class=\"elementor-post__title\">\n\t\t\t<a href=\"https:\/\/sulsc.com\/index.php\/2026\/04\/29\/deflagrada-operacao-ajuste-fino-gaeco-investiga-cartel-de-empresarios-organizado-para-fraudar-licitacoes-em-santa-catarina\/\" >\n\t\t\t\tDeflagrada Opera\u00e7\u00e3o \u201cAjuste Fino\u201d GAECO investiga cartel de empres\u00e1rios organizado para fraudar licita\u00e7\u00f5es em Santa Catarina\t\t\t<\/a>\n\t\t<\/h3>\n\t\t\t\t<\/div>\n\t\t\t\t<\/article>\n\t\t\t\t<article class=\"elementor-post elementor-grid-item post-33657 post type-post status-publish format-standard has-post-thumbnail hentry category-geral category-mundo category-seguranca category-ultimas tag-mundo\">\n\t\t\t\t<a class=\"elementor-post__thumbnail__link\" href=\"https:\/\/sulsc.com\/index.php\/2026\/04\/28\/vinte-e-dois-monges-budistas-sao-presos-em-voo-vindo-da-tailandia-com-110-kg-de-drogas\/\" >\n\t\t\t<div class=\"elementor-post__thumbnail\"><img loading=\"lazy\" decoding=\"async\" width=\"300\" height=\"200\" src=\"https:\/\/sulsc.com\/wp-content\/uploads\/2026\/04\/bc53640c-dbd3-4d3a-876b-7ab67cdafac3-300x200.jpg\" class=\"attachment-medium size-medium wp-image-33659\" alt=\"\" srcset=\"https:\/\/sulsc.com\/wp-content\/uploads\/2026\/04\/bc53640c-dbd3-4d3a-876b-7ab67cdafac3-300x200.jpg 300w, https:\/\/sulsc.com\/wp-content\/uploads\/2026\/04\/bc53640c-dbd3-4d3a-876b-7ab67cdafac3-768x512.jpg 768w, https:\/\/sulsc.com\/wp-content\/uploads\/2026\/04\/bc53640c-dbd3-4d3a-876b-7ab67cdafac3.jpg 1000w\" sizes=\"(max-width: 300px) 100vw, 300px\" \/><\/div>\n\t\t<\/a>\n\t\t\t\t<div class=\"elementor-post__text\">\n\t\t\t\t<h3 class=\"elementor-post__title\">\n\t\t\t<a href=\"https:\/\/sulsc.com\/index.php\/2026\/04\/28\/vinte-e-dois-monges-budistas-sao-presos-em-voo-vindo-da-tailandia-com-110-kg-de-drogas\/\" >\n\t\t\t\tVinte e dois monges budistas s\u00e3o presos em voo vindo da Tail\u00e2ndia com 110 kg de drogas\t\t\t<\/a>\n\t\t<\/h3>\n\t\t\t\t<\/div>\n\t\t\t\t<\/article>\n\t\t\t\t<article class=\"elementor-post elementor-grid-item post-33652 post type-post status-publish format-standard has-post-thumbnail hentry category-amurel category-educacao category-geral category-mpsc category-sc category-seguranca category-tubarao category-ultimas tag-mpsc\">\n\t\t\t\t<a class=\"elementor-post__thumbnail__link\" href=\"https:\/\/sulsc.com\/index.php\/2026\/04\/28\/ministerio-publico-2a-promotoria-de-justica-cria-materiais-informativos-para-reforcar-cumprimento-de-medidas-protetivas-em-tubarao\/\" >\n\t\t\t<div class=\"elementor-post__thumbnail\"><img loading=\"lazy\" decoding=\"async\" width=\"300\" height=\"200\" src=\"https:\/\/sulsc.com\/wp-content\/uploads\/2026\/04\/e27631cb-54d9-490c-b91b-b9c1b9a71568-300x200.jpg\" class=\"attachment-medium size-medium wp-image-33655\" alt=\"\" srcset=\"https:\/\/sulsc.com\/wp-content\/uploads\/2026\/04\/e27631cb-54d9-490c-b91b-b9c1b9a71568-300x200.jpg 300w, https:\/\/sulsc.com\/wp-content\/uploads\/2026\/04\/e27631cb-54d9-490c-b91b-b9c1b9a71568.jpg 679w\" sizes=\"(max-width: 300px) 100vw, 300px\" \/><\/div>\n\t\t<\/a>\n\t\t\t\t<div class=\"elementor-post__text\">\n\t\t\t\t<h3 class=\"elementor-post__title\">\n\t\t\t<a href=\"https:\/\/sulsc.com\/index.php\/2026\/04\/28\/ministerio-publico-2a-promotoria-de-justica-cria-materiais-informativos-para-reforcar-cumprimento-de-medidas-protetivas-em-tubarao\/\" >\n\t\t\t\tMinist\u00e9rio P\u00fablico &#8211; 2\u00aa Promotoria de Justi\u00e7a cria materiais informativos para refor\u00e7ar cumprimento de medidas protetivas em Tubar\u00e3o\t\t\t<\/a>\n\t\t<\/h3>\n\t\t\t\t<\/div>\n\t\t\t\t<\/article>\n\t\t\t\t<article class=\"elementor-post elementor-grid-item post-33646 post type-post status-publish format-standard has-post-thumbnail hentry category-amurel category-geral category-sc category-seguranca category-tubarao category-ultimas tag-policia-militar-de-tubarao\">\n\t\t\t\t<a class=\"elementor-post__thumbnail__link\" href=\"https:\/\/sulsc.com\/index.php\/2026\/04\/28\/quadrilha-caem-em-rio-com-caminhonete-roubada-em-revenda-de-carros-em-jaguaruna-e-acaba-detida\/\" >\n\t\t\t<div class=\"elementor-post__thumbnail\"><img loading=\"lazy\" decoding=\"async\" width=\"239\" height=\"300\" src=\"https:\/\/sulsc.com\/wp-content\/uploads\/2026\/04\/76d5c62c-0dc9-4cf1-90ad-b59d6b260375-239x300.jpg\" class=\"attachment-medium size-medium wp-image-33648\" alt=\"\" srcset=\"https:\/\/sulsc.com\/wp-content\/uploads\/2026\/04\/76d5c62c-0dc9-4cf1-90ad-b59d6b260375-239x300.jpg 239w, https:\/\/sulsc.com\/wp-content\/uploads\/2026\/04\/76d5c62c-0dc9-4cf1-90ad-b59d6b260375-817x1024.jpg 817w, https:\/\/sulsc.com\/wp-content\/uploads\/2026\/04\/76d5c62c-0dc9-4cf1-90ad-b59d6b260375-768x963.jpg 768w, https:\/\/sulsc.com\/wp-content\/uploads\/2026\/04\/76d5c62c-0dc9-4cf1-90ad-b59d6b260375.jpg 1080w\" sizes=\"(max-width: 239px) 100vw, 239px\" \/><\/div>\n\t\t<\/a>\n\t\t\t\t<div class=\"elementor-post__text\">\n\t\t\t\t<h3 class=\"elementor-post__title\">\n\t\t\t<a href=\"https:\/\/sulsc.com\/index.php\/2026\/04\/28\/quadrilha-caem-em-rio-com-caminhonete-roubada-em-revenda-de-carros-em-jaguaruna-e-acaba-detida\/\" >\n\t\t\t\tQuadrilha caem em rio com caminhonete roubada em revenda de carros em Jaguaruna e acaba detida\t\t\t<\/a>\n\t\t<\/h3>\n\t\t\t\t<\/div>\n\t\t\t\t<\/article>\n\t\t\t\t<\/div>\n\t\t\n\t\t\t\t\t\t<\/div>\n\t\t\t\t<\/div>\n\t\t\t\t<div class=\"elementor-element elementor-element-d07c299 elementor-widget elementor-widget-heading\" data-id=\"d07c299\" data-element_type=\"widget\" data-widget_type=\"heading.default\">\n\t\t\t\t<div class=\"elementor-widget-container\">\n\t\t\t\t\t<h2 class=\"elementor-heading-title elementor-size-default\">ESPORTES<\/h2>\t\t\t\t<\/div>\n\t\t\t\t<\/div>\n\t\t\t\t<div class=\"elementor-element elementor-element-447a6bb elementor-grid-3 elementor-grid-tablet-2 elementor-grid-mobile-1 elementor-posts--thumbnail-top elementor-widget elementor-widget-posts\" data-id=\"447a6bb\" data-element_type=\"widget\" data-settings=\"{&quot;classic_columns&quot;:&quot;3&quot;,&quot;classic_columns_tablet&quot;:&quot;2&quot;,&quot;classic_columns_mobile&quot;:&quot;1&quot;,&quot;classic_row_gap&quot;:{&quot;unit&quot;:&quot;px&quot;,&quot;size&quot;:35,&quot;sizes&quot;:[]},&quot;classic_row_gap_tablet&quot;:{&quot;unit&quot;:&quot;px&quot;,&quot;size&quot;:&quot;&quot;,&quot;sizes&quot;:[]},&quot;classic_row_gap_mobile&quot;:{&quot;unit&quot;:&quot;px&quot;,&quot;size&quot;:&quot;&quot;,&quot;sizes&quot;:[]}}\" data-widget_type=\"posts.classic\">\n\t\t\t\t<div class=\"elementor-widget-container\">\n\t\t\t\t\t\t\t<div class=\"elementor-posts-container elementor-posts elementor-posts--skin-classic elementor-grid\">\n\t\t\t\t<article class=\"elementor-post elementor-grid-item post-33699 post type-post status-publish format-standard has-post-thumbnail hentry category-esportes category-geral category-sc category-tubarao category-ultimas tag-tubarao-futsal\">\n\t\t\t\t<a class=\"elementor-post__thumbnail__link\" href=\"https:\/\/sulsc.com\/index.php\/2026\/05\/02\/atlantico-rs-domina-e-supera-o-tubarao-futsal-em-casa-na-noite-desta-sexta-feira-1\/\" >\n\t\t\t<div class=\"elementor-post__thumbnail\"><img loading=\"lazy\" decoding=\"async\" width=\"300\" height=\"200\" src=\"https:\/\/sulsc.com\/wp-content\/uploads\/2026\/05\/17765a3b-bbfa-478c-b20e-b707ce2fafb6-300x200.jpg\" class=\"attachment-medium size-medium wp-image-33701\" alt=\"\" srcset=\"https:\/\/sulsc.com\/wp-content\/uploads\/2026\/05\/17765a3b-bbfa-478c-b20e-b707ce2fafb6-300x200.jpg 300w, https:\/\/sulsc.com\/wp-content\/uploads\/2026\/05\/17765a3b-bbfa-478c-b20e-b707ce2fafb6-1024x683.jpg 1024w, https:\/\/sulsc.com\/wp-content\/uploads\/2026\/05\/17765a3b-bbfa-478c-b20e-b707ce2fafb6-768x512.jpg 768w, https:\/\/sulsc.com\/wp-content\/uploads\/2026\/05\/17765a3b-bbfa-478c-b20e-b707ce2fafb6.jpg 1280w\" sizes=\"(max-width: 300px) 100vw, 300px\" \/><\/div>\n\t\t<\/a>\n\t\t\t\t<div class=\"elementor-post__text\">\n\t\t\t\t<h3 class=\"elementor-post__title\">\n\t\t\t<a href=\"https:\/\/sulsc.com\/index.php\/2026\/05\/02\/atlantico-rs-domina-e-supera-o-tubarao-futsal-em-casa-na-noite-desta-sexta-feira-1\/\" >\n\t\t\t\tAtl\u00e2ntico\/RS domina e supera o Tubar\u00e3o Futsal em casa na noite desta sexta-feira 1\u00b0\t\t\t<\/a>\n\t\t<\/h3>\n\t\t\t\t<\/div>\n\t\t\t\t<\/article>\n\t\t\t\t<article class=\"elementor-post elementor-grid-item post-33530 post type-post status-publish format-standard has-post-thumbnail hentry category-amurel category-esportes category-geral category-sc category-tubarao category-ultimas tag-fundacao-de-esporte-de-tubarao\">\n\t\t\t\t<a class=\"elementor-post__thumbnail__link\" href=\"https:\/\/sulsc.com\/index.php\/2026\/04\/20\/resultado-final-do-chamamento-publico-da-fundacao-de-esporte-de-tubarao-e-divulgado\/\" >\n\t\t\t<div class=\"elementor-post__thumbnail\"><img loading=\"lazy\" decoding=\"async\" width=\"300\" height=\"179\" src=\"https:\/\/sulsc.com\/wp-content\/uploads\/2025\/01\/Esporte-300x179.webp\" class=\"attachment-medium size-medium wp-image-19635\" alt=\"\" srcset=\"https:\/\/sulsc.com\/wp-content\/uploads\/2025\/01\/Esporte-300x179.webp 300w, https:\/\/sulsc.com\/wp-content\/uploads\/2025\/01\/Esporte-1024x613.webp 1024w, https:\/\/sulsc.com\/wp-content\/uploads\/2025\/01\/Esporte-768x459.webp 768w, https:\/\/sulsc.com\/wp-content\/uploads\/2025\/01\/Esporte.webp 1170w\" sizes=\"(max-width: 300px) 100vw, 300px\" \/><\/div>\n\t\t<\/a>\n\t\t\t\t<div class=\"elementor-post__text\">\n\t\t\t\t<h3 class=\"elementor-post__title\">\n\t\t\t<a href=\"https:\/\/sulsc.com\/index.php\/2026\/04\/20\/resultado-final-do-chamamento-publico-da-fundacao-de-esporte-de-tubarao-e-divulgado\/\" >\n\t\t\t\tResultado final do chamamento p\u00fablico da Funda\u00e7\u00e3o de Esporte de Tubar\u00e3o \u00e9 divulgado\t\t\t<\/a>\n\t\t<\/h3>\n\t\t\t\t<\/div>\n\t\t\t\t<\/article>\n\t\t\t\t<article class=\"elementor-post elementor-grid-item post-33511 post type-post status-publish format-standard has-post-thumbnail hentry category-amurel category-esportes category-sc category-tubarao category-ultimas tag-esporte-tubarao\">\n\t\t\t\t<a class=\"elementor-post__thumbnail__link\" href=\"https:\/\/sulsc.com\/index.php\/2026\/04\/18\/pioneirismo-tubarao-leva-a-melhor-idade-ao-voleibol-adaptado-no-jasti\/\" >\n\t\t\t<div class=\"elementor-post__thumbnail\"><img loading=\"lazy\" decoding=\"async\" width=\"225\" height=\"300\" src=\"https:\/\/sulsc.com\/wp-content\/uploads\/2026\/04\/WhatsApp-Image-2026-04-17-at-13.40.06-225x300.jpeg\" class=\"attachment-medium size-medium wp-image-33512\" alt=\"\" srcset=\"https:\/\/sulsc.com\/wp-content\/uploads\/2026\/04\/WhatsApp-Image-2026-04-17-at-13.40.06-225x300.jpeg 225w, https:\/\/sulsc.com\/wp-content\/uploads\/2026\/04\/WhatsApp-Image-2026-04-17-at-13.40.06-768x1024.jpeg 768w, https:\/\/sulsc.com\/wp-content\/uploads\/2026\/04\/WhatsApp-Image-2026-04-17-at-13.40.06.jpeg 960w\" sizes=\"(max-width: 225px) 100vw, 225px\" \/><\/div>\n\t\t<\/a>\n\t\t\t\t<div class=\"elementor-post__text\">\n\t\t\t\t<h3 class=\"elementor-post__title\">\n\t\t\t<a href=\"https:\/\/sulsc.com\/index.php\/2026\/04\/18\/pioneirismo-tubarao-leva-a-melhor-idade-ao-voleibol-adaptado-no-jasti\/\" >\n\t\t\t\tPioneirismo: Tubar\u00e3o leva a melhor idade ao voleibol adaptado no JASTI\t\t\t<\/a>\n\t\t<\/h3>\n\t\t\t\t<\/div>\n\t\t\t\t<\/article>\n\t\t\t\t<\/div>\n\t\t\n\t\t\t\t\t\t<\/div>\n\t\t\t\t<\/div>\n\t\t\t\t<div class=\"elementor-element elementor-element-d0b444a elementor-widget elementor-widget-heading\" data-id=\"d0b444a\" data-element_type=\"widget\" data-widget_type=\"heading.default\">\n\t\t\t\t<div class=\"elementor-widget-container\">\n\t\t\t\t\t<h2 class=\"elementor-heading-title elementor-size-default\">POL\u00cdTICA<\/h2>\t\t\t\t<\/div>\n\t\t\t\t<\/div>\n\t\t\t\t<div class=\"elementor-element elementor-element-93bee56 elementor-grid-3 elementor-grid-tablet-2 elementor-grid-mobile-1 elementor-posts--thumbnail-top elementor-widget elementor-widget-posts\" data-id=\"93bee56\" data-element_type=\"widget\" data-settings=\"{&quot;classic_columns&quot;:&quot;3&quot;,&quot;classic_columns_tablet&quot;:&quot;2&quot;,&quot;classic_columns_mobile&quot;:&quot;1&quot;,&quot;classic_row_gap&quot;:{&quot;unit&quot;:&quot;px&quot;,&quot;size&quot;:35,&quot;sizes&quot;:[]},&quot;classic_row_gap_tablet&quot;:{&quot;unit&quot;:&quot;px&quot;,&quot;size&quot;:&quot;&quot;,&quot;sizes&quot;:[]},&quot;classic_row_gap_mobile&quot;:{&quot;unit&quot;:&quot;px&quot;,&quot;size&quot;:&quot;&quot;,&quot;sizes&quot;:[]}}\" data-widget_type=\"posts.classic\">\n\t\t\t\t<div class=\"elementor-widget-container\">\n\t\t\t\t\t\t\t<div class=\"elementor-posts-container elementor-posts elementor-posts--skin-classic elementor-grid\">\n\t\t\t\t<article class=\"elementor-post elementor-grid-item post-33612 post type-post status-publish format-standard has-post-thumbnail hentry category-geral category-mundo category-politica category-ultimas tag-mundo\">\n\t\t\t\t<a class=\"elementor-post__thumbnail__link\" href=\"https:\/\/sulsc.com\/index.php\/2026\/04\/26\/homem-atira-durante-jantar-de-trump-com-correspondentes-em-washington\/\" >\n\t\t\t<div class=\"elementor-post__thumbnail\"><img loading=\"lazy\" decoding=\"async\" width=\"300\" height=\"179\" src=\"https:\/\/sulsc.com\/wp-content\/uploads\/2026\/04\/trump-300x179.webp\" class=\"attachment-medium size-medium wp-image-33613\" alt=\"\" srcset=\"https:\/\/sulsc.com\/wp-content\/uploads\/2026\/04\/trump-300x179.webp 300w, https:\/\/sulsc.com\/wp-content\/uploads\/2026\/04\/trump-1024x613.webp 1024w, https:\/\/sulsc.com\/wp-content\/uploads\/2026\/04\/trump-768x459.webp 768w, https:\/\/sulsc.com\/wp-content\/uploads\/2026\/04\/trump.webp 1170w\" sizes=\"(max-width: 300px) 100vw, 300px\" \/><\/div>\n\t\t<\/a>\n\t\t\t\t<div class=\"elementor-post__text\">\n\t\t\t\t<h3 class=\"elementor-post__title\">\n\t\t\t<a href=\"https:\/\/sulsc.com\/index.php\/2026\/04\/26\/homem-atira-durante-jantar-de-trump-com-correspondentes-em-washington\/\" >\n\t\t\t\tHomem atira durante jantar de Trump com correspondentes em Washington\t\t\t<\/a>\n\t\t<\/h3>\n\t\t\t\t<\/div>\n\t\t\t\t<\/article>\n\t\t\t\t<article class=\"elementor-post elementor-grid-item post-33549 post type-post status-publish format-standard has-post-thumbnail hentry category-geral category-nacional category-politica category-ultimas tag-politica\">\n\t\t\t\t<a class=\"elementor-post__thumbnail__link\" href=\"https:\/\/sulsc.com\/index.php\/2026\/04\/22\/ccj-da-camara-retoma-analise-do-fim-da-escala-6x1-nesta-quarta\/\" >\n\t\t\t<div class=\"elementor-post__thumbnail\"><img loading=\"lazy\" decoding=\"async\" width=\"300\" height=\"200\" src=\"https:\/\/sulsc.com\/wp-content\/uploads\/2026\/04\/10ece294-94d2-4b38-830f-317ea1bf8287-300x200.jpg\" class=\"attachment-medium size-medium wp-image-33551\" alt=\"\" srcset=\"https:\/\/sulsc.com\/wp-content\/uploads\/2026\/04\/10ece294-94d2-4b38-830f-317ea1bf8287-300x200.jpg 300w, https:\/\/sulsc.com\/wp-content\/uploads\/2026\/04\/10ece294-94d2-4b38-830f-317ea1bf8287-1024x682.jpg 1024w, https:\/\/sulsc.com\/wp-content\/uploads\/2026\/04\/10ece294-94d2-4b38-830f-317ea1bf8287-768x511.jpg 768w, https:\/\/sulsc.com\/wp-content\/uploads\/2026\/04\/10ece294-94d2-4b38-830f-317ea1bf8287.jpg 1050w\" sizes=\"(max-width: 300px) 100vw, 300px\" \/><\/div>\n\t\t<\/a>\n\t\t\t\t<div class=\"elementor-post__text\">\n\t\t\t\t<h3 class=\"elementor-post__title\">\n\t\t\t<a href=\"https:\/\/sulsc.com\/index.php\/2026\/04\/22\/ccj-da-camara-retoma-analise-do-fim-da-escala-6x1-nesta-quarta\/\" >\n\t\t\t\tCCJ da C\u00e2mara retoma an\u00e1lise do fim da escala 6&#215;1 nesta quarta\t\t\t<\/a>\n\t\t<\/h3>\n\t\t\t\t<\/div>\n\t\t\t\t<\/article>\n\t\t\t\t<article class=\"elementor-post elementor-grid-item post-33337 post type-post status-publish format-standard has-post-thumbnail hentry category-colunistas category-geral category-politica category-ultimas tag-giro-politico\">\n\t\t\t\t<a class=\"elementor-post__thumbnail__link\" href=\"https:\/\/sulsc.com\/index.php\/2026\/04\/06\/giro-politico-onze-governadores-deixam-seus-cargos-na-corrida-eleitoral-de-outubro\/\" >\n\t\t\t<div class=\"elementor-post__thumbnail\"><img loading=\"lazy\" decoding=\"async\" width=\"300\" height=\"179\" src=\"https:\/\/sulsc.com\/wp-content\/uploads\/2023\/10\/eleicoes-2-300x179.jpg\" class=\"attachment-medium size-medium wp-image-3019\" alt=\"\" srcset=\"https:\/\/sulsc.com\/wp-content\/uploads\/2023\/10\/eleicoes-2-300x179.jpg 300w, https:\/\/sulsc.com\/wp-content\/uploads\/2023\/10\/eleicoes-2-1024x613.jpg 1024w, https:\/\/sulsc.com\/wp-content\/uploads\/2023\/10\/eleicoes-2-768x459.jpg 768w, https:\/\/sulsc.com\/wp-content\/uploads\/2023\/10\/eleicoes-2.jpg 1170w\" sizes=\"(max-width: 300px) 100vw, 300px\" \/><\/div>\n\t\t<\/a>\n\t\t\t\t<div class=\"elementor-post__text\">\n\t\t\t\t<h3 class=\"elementor-post__title\">\n\t\t\t<a href=\"https:\/\/sulsc.com\/index.php\/2026\/04\/06\/giro-politico-onze-governadores-deixam-seus-cargos-na-corrida-eleitoral-de-outubro\/\" >\n\t\t\t\tGiro Politico &#8211; Onze governadores deixam seus cargos na corrida eleitoral de outubro\t\t\t<\/a>\n\t\t<\/h3>\n\t\t\t\t<\/div>\n\t\t\t\t<\/article>\n\t\t\t\t<\/div>\n\t\t\n\t\t\t\t\t\t<\/div>\n\t\t\t\t<\/div>\n\t\t\t\t<div class=\"elementor-element elementor-element-5eebda3 elementor-widget elementor-widget-heading\" data-id=\"5eebda3\" data-element_type=\"widget\" data-widget_type=\"heading.default\">\n\t\t\t\t<div class=\"elementor-widget-container\">\n\t\t\t\t\t<h2 class=\"elementor-heading-title elementor-size-default\">ECONOMIA<\/h2>\t\t\t\t<\/div>\n\t\t\t\t<\/div>\n\t\t\t\t<div class=\"elementor-element elementor-element-5641c0e elementor-grid-3 elementor-grid-tablet-2 elementor-grid-mobile-1 elementor-posts--thumbnail-top elementor-widget elementor-widget-posts\" data-id=\"5641c0e\" data-element_type=\"widget\" data-settings=\"{&quot;classic_columns&quot;:&quot;3&quot;,&quot;classic_columns_tablet&quot;:&quot;2&quot;,&quot;classic_columns_mobile&quot;:&quot;1&quot;,&quot;classic_row_gap&quot;:{&quot;unit&quot;:&quot;px&quot;,&quot;size&quot;:35,&quot;sizes&quot;:[]},&quot;classic_row_gap_tablet&quot;:{&quot;unit&quot;:&quot;px&quot;,&quot;size&quot;:&quot;&quot;,&quot;sizes&quot;:[]},&quot;classic_row_gap_mobile&quot;:{&quot;unit&quot;:&quot;px&quot;,&quot;size&quot;:&quot;&quot;,&quot;sizes&quot;:[]}}\" data-widget_type=\"posts.classic\">\n\t\t\t\t<div class=\"elementor-widget-container\">\n\t\t\t\t\t\t\t<div class=\"elementor-posts-container elementor-posts elementor-posts--skin-classic elementor-grid\">\n\t\t\t\t<article class=\"elementor-post elementor-grid-item post-33650 post type-post status-publish format-standard has-post-thumbnail hentry category-amurel category-economia category-sc category-tubarao category-ultimas tag-prefeitura-de-tubarao\">\n\t\t\t\t<a class=\"elementor-post__thumbnail__link\" href=\"https:\/\/sulsc.com\/index.php\/2026\/04\/28\/ultima-semana-para-o-contribuinte-que-queira-aderir-o-refis-em-tubarao\/\" >\n\t\t\t<div class=\"elementor-post__thumbnail\"><img loading=\"lazy\" decoding=\"async\" width=\"300\" height=\"200\" src=\"https:\/\/sulsc.com\/wp-content\/uploads\/2023\/11\/2-2-300x200.jpg\" class=\"attachment-medium size-medium wp-image-4177\" alt=\"Tubar\u00e3o foi considerada a cidade mais hospitaleira do Brasil em 2020. Foto: Banco de imagens Sul SC\" srcset=\"https:\/\/sulsc.com\/wp-content\/uploads\/2023\/11\/2-2-300x200.jpg 300w, https:\/\/sulsc.com\/wp-content\/uploads\/2023\/11\/2-2-768x511.jpg 768w, https:\/\/sulsc.com\/wp-content\/uploads\/2023\/11\/2-2.jpg 901w\" sizes=\"(max-width: 300px) 100vw, 300px\" \/><\/div>\n\t\t<\/a>\n\t\t\t\t<div class=\"elementor-post__text\">\n\t\t\t\t<h3 class=\"elementor-post__title\">\n\t\t\t<a href=\"https:\/\/sulsc.com\/index.php\/2026\/04\/28\/ultima-semana-para-o-contribuinte-que-queira-aderir-o-refis-em-tubarao\/\" >\n\t\t\t\t\u00daltima semana para o contribuinte que queira aderir o Refis em Tubar\u00e3o\t\t\t<\/a>\n\t\t<\/h3>\n\t\t\t\t<\/div>\n\t\t\t\t<\/article>\n\t\t\t\t<article class=\"elementor-post elementor-grid-item post-33595 post type-post status-publish format-standard has-post-thumbnail hentry category-economia category-geral category-nacional category-ultimas tag-governo-federal\">\n\t\t\t\t<a class=\"elementor-post__thumbnail__link\" href=\"https:\/\/sulsc.com\/index.php\/2026\/04\/25\/governo-federal-proibe-apostas-nao-financeiras-em-plataformas-de-previsoes\/\" >\n\t\t\t<div class=\"elementor-post__thumbnail\"><img loading=\"lazy\" decoding=\"async\" width=\"300\" height=\"179\" src=\"https:\/\/sulsc.com\/wp-content\/uploads\/2026\/04\/trbr2591-1-300x179.webp\" class=\"attachment-medium size-medium wp-image-33597\" alt=\"\" srcset=\"https:\/\/sulsc.com\/wp-content\/uploads\/2026\/04\/trbr2591-1-300x179.webp 300w, https:\/\/sulsc.com\/wp-content\/uploads\/2026\/04\/trbr2591-1-1024x613.webp 1024w, https:\/\/sulsc.com\/wp-content\/uploads\/2026\/04\/trbr2591-1-768x459.webp 768w, https:\/\/sulsc.com\/wp-content\/uploads\/2026\/04\/trbr2591-1.webp 1170w\" sizes=\"(max-width: 300px) 100vw, 300px\" \/><\/div>\n\t\t<\/a>\n\t\t\t\t<div class=\"elementor-post__text\">\n\t\t\t\t<h3 class=\"elementor-post__title\">\n\t\t\t<a href=\"https:\/\/sulsc.com\/index.php\/2026\/04\/25\/governo-federal-proibe-apostas-nao-financeiras-em-plataformas-de-previsoes\/\" >\n\t\t\t\tGoverno Federal pro\u00edbe apostas n\u00e3o financeiras em plataformas de previs\u00f5es\t\t\t<\/a>\n\t\t<\/h3>\n\t\t\t\t<\/div>\n\t\t\t\t<\/article>\n\t\t\t\t<article class=\"elementor-post elementor-grid-item post-33578 post type-post status-publish format-standard has-post-thumbnail hentry category-economia category-nacional category-ultimas tag-receita-federal\">\n\t\t\t\t<a class=\"elementor-post__thumbnail__link\" href=\"https:\/\/sulsc.com\/index.php\/2026\/04\/23\/receita-federal-abre-consulta-a-lote-da-malha-fina-do-imposto-de-renda\/\" >\n\t\t\t<div class=\"elementor-post__thumbnail\"><img loading=\"lazy\" decoding=\"async\" width=\"300\" height=\"179\" src=\"https:\/\/sulsc.com\/wp-content\/uploads\/2026\/04\/whatsapp_image_2026-03-16_at_16.06.343333-1-300x179.webp\" class=\"attachment-medium size-medium wp-image-33579\" alt=\"\" srcset=\"https:\/\/sulsc.com\/wp-content\/uploads\/2026\/04\/whatsapp_image_2026-03-16_at_16.06.343333-1-300x179.webp 300w, https:\/\/sulsc.com\/wp-content\/uploads\/2026\/04\/whatsapp_image_2026-03-16_at_16.06.343333-1-1024x613.webp 1024w, https:\/\/sulsc.com\/wp-content\/uploads\/2026\/04\/whatsapp_image_2026-03-16_at_16.06.343333-1-768x459.webp 768w, https:\/\/sulsc.com\/wp-content\/uploads\/2026\/04\/whatsapp_image_2026-03-16_at_16.06.343333-1.webp 1170w\" sizes=\"(max-width: 300px) 100vw, 300px\" \/><\/div>\n\t\t<\/a>\n\t\t\t\t<div class=\"elementor-post__text\">\n\t\t\t\t<h3 class=\"elementor-post__title\">\n\t\t\t<a href=\"https:\/\/sulsc.com\/index.php\/2026\/04\/23\/receita-federal-abre-consulta-a-lote-da-malha-fina-do-imposto-de-renda\/\" >\n\t\t\t\tReceita Federal abre consulta a lote da malha fina do Imposto de Renda\t\t\t<\/a>\n\t\t<\/h3>\n\t\t\t\t<\/div>\n\t\t\t\t<\/article>\n\t\t\t\t<\/div>\n\t\t\n\t\t\t\t\t\t<\/div>\n\t\t\t\t<\/div>\n\t\t\t\t<div class=\"elementor-element elementor-element-368ba7a elementor-widget elementor-widget-heading\" data-id=\"368ba7a\" data-element_type=\"widget\" data-widget_type=\"heading.default\">\n\t\t\t\t<div class=\"elementor-widget-container\">\n\t\t\t\t\t<h2 class=\"elementor-heading-title elementor-size-default\">SC<\/h2>\t\t\t\t<\/div>\n\t\t\t\t<\/div>\n\t\t\t\t<div class=\"elementor-element elementor-element-52c03b8 elementor-grid-3 elementor-grid-tablet-2 elementor-grid-mobile-1 elementor-posts--thumbnail-top elementor-widget elementor-widget-posts\" data-id=\"52c03b8\" data-element_type=\"widget\" data-settings=\"{&quot;classic_columns&quot;:&quot;3&quot;,&quot;classic_columns_tablet&quot;:&quot;2&quot;,&quot;classic_columns_mobile&quot;:&quot;1&quot;,&quot;classic_row_gap&quot;:{&quot;unit&quot;:&quot;px&quot;,&quot;size&quot;:35,&quot;sizes&quot;:[]},&quot;classic_row_gap_tablet&quot;:{&quot;unit&quot;:&quot;px&quot;,&quot;size&quot;:&quot;&quot;,&quot;sizes&quot;:[]},&quot;classic_row_gap_mobile&quot;:{&quot;unit&quot;:&quot;px&quot;,&quot;size&quot;:&quot;&quot;,&quot;sizes&quot;:[]}}\" data-widget_type=\"posts.classic\">\n\t\t\t\t<div class=\"elementor-widget-container\">\n\t\t\t\t\t\t\t<div class=\"elementor-posts-container elementor-posts elementor-posts--skin-classic elementor-grid\">\n\t\t\t\t<article class=\"elementor-post elementor-grid-item post-33699 post type-post status-publish format-standard has-post-thumbnail hentry category-esportes category-geral category-sc category-tubarao category-ultimas tag-tubarao-futsal\">\n\t\t\t\t<a class=\"elementor-post__thumbnail__link\" href=\"https:\/\/sulsc.com\/index.php\/2026\/05\/02\/atlantico-rs-domina-e-supera-o-tubarao-futsal-em-casa-na-noite-desta-sexta-feira-1\/\" >\n\t\t\t<div class=\"elementor-post__thumbnail\"><img loading=\"lazy\" decoding=\"async\" width=\"300\" height=\"200\" src=\"https:\/\/sulsc.com\/wp-content\/uploads\/2026\/05\/17765a3b-bbfa-478c-b20e-b707ce2fafb6-300x200.jpg\" class=\"attachment-medium size-medium wp-image-33701\" alt=\"\" srcset=\"https:\/\/sulsc.com\/wp-content\/uploads\/2026\/05\/17765a3b-bbfa-478c-b20e-b707ce2fafb6-300x200.jpg 300w, https:\/\/sulsc.com\/wp-content\/uploads\/2026\/05\/17765a3b-bbfa-478c-b20e-b707ce2fafb6-1024x683.jpg 1024w, https:\/\/sulsc.com\/wp-content\/uploads\/2026\/05\/17765a3b-bbfa-478c-b20e-b707ce2fafb6-768x512.jpg 768w, https:\/\/sulsc.com\/wp-content\/uploads\/2026\/05\/17765a3b-bbfa-478c-b20e-b707ce2fafb6.jpg 1280w\" sizes=\"(max-width: 300px) 100vw, 300px\" \/><\/div>\n\t\t<\/a>\n\t\t\t\t<div class=\"elementor-post__text\">\n\t\t\t\t<h3 class=\"elementor-post__title\">\n\t\t\t<a href=\"https:\/\/sulsc.com\/index.php\/2026\/05\/02\/atlantico-rs-domina-e-supera-o-tubarao-futsal-em-casa-na-noite-desta-sexta-feira-1\/\" >\n\t\t\t\tAtl\u00e2ntico\/RS domina e supera o Tubar\u00e3o Futsal em casa na noite desta sexta-feira 1\u00b0\t\t\t<\/a>\n\t\t<\/h3>\n\t\t\t\t<\/div>\n\t\t\t\t<\/article>\n\t\t\t\t<article class=\"elementor-post elementor-grid-item post-33697 post type-post status-publish format-standard has-post-thumbnail hentry category-amurel category-geral category-imbituba category-sc category-ultimas tag-policia-militar-de-imbituba\">\n\t\t\t\t<a class=\"elementor-post__thumbnail__link\" href=\"https:\/\/sulsc.com\/index.php\/2026\/05\/02\/homem-com-mandado-aberto-por-homicidio-e-preso-no-fim-da-tarde-desta-sexta-feira-em-imbituba\/\" >\n\t\t\t<div class=\"elementor-post__thumbnail\"><img loading=\"lazy\" decoding=\"async\" width=\"300\" height=\"189\" src=\"https:\/\/sulsc.com\/wp-content\/uploads\/2025\/06\/PM-3-300x189.jpg\" class=\"attachment-medium size-medium wp-image-24838\" alt=\"\" srcset=\"https:\/\/sulsc.com\/wp-content\/uploads\/2025\/06\/PM-3-300x189.jpg 300w, https:\/\/sulsc.com\/wp-content\/uploads\/2025\/06\/PM-3-1024x645.jpg 1024w, https:\/\/sulsc.com\/wp-content\/uploads\/2025\/06\/PM-3-768x484.jpg 768w, https:\/\/sulsc.com\/wp-content\/uploads\/2025\/06\/PM-3.jpg 1080w\" sizes=\"(max-width: 300px) 100vw, 300px\" \/><\/div>\n\t\t<\/a>\n\t\t\t\t<div class=\"elementor-post__text\">\n\t\t\t\t<h3 class=\"elementor-post__title\">\n\t\t\t<a href=\"https:\/\/sulsc.com\/index.php\/2026\/05\/02\/homem-com-mandado-aberto-por-homicidio-e-preso-no-fim-da-tarde-desta-sexta-feira-em-imbituba\/\" >\n\t\t\t\tHomem com mandado aberto por homic\u00eddio \u00e9 preso no fim da tarde desta sexta-feira em Imbituba\t\t\t<\/a>\n\t\t<\/h3>\n\t\t\t\t<\/div>\n\t\t\t\t<\/article>\n\t\t\t\t<article class=\"elementor-post elementor-grid-item post-33693 post type-post status-publish format-standard has-post-thumbnail hentry category-geral category-sc category-tempo category-ultimas tag-previsao-do-tempo\">\n\t\t\t\t<a class=\"elementor-post__thumbnail__link\" href=\"https:\/\/sulsc.com\/index.php\/2026\/05\/02\/sabado-02-com-chuva-e-temporais-isolados-na-regiao-sul-e-domingo-frio-e-geada-em-sc\/\" >\n\t\t\t<div class=\"elementor-post__thumbnail\"><img loading=\"lazy\" decoding=\"async\" width=\"300\" height=\"135\" src=\"https:\/\/sulsc.com\/wp-content\/uploads\/2024\/10\/temporal-300x135.jpg\" class=\"attachment-medium size-medium wp-image-16430\" alt=\"\" srcset=\"https:\/\/sulsc.com\/wp-content\/uploads\/2024\/10\/temporal-300x135.jpg 300w, https:\/\/sulsc.com\/wp-content\/uploads\/2024\/10\/temporal-1024x462.jpg 1024w, https:\/\/sulsc.com\/wp-content\/uploads\/2024\/10\/temporal-768x346.jpg 768w, https:\/\/sulsc.com\/wp-content\/uploads\/2024\/10\/temporal-1536x693.jpg 1536w, https:\/\/sulsc.com\/wp-content\/uploads\/2024\/10\/temporal.jpg 1920w\" sizes=\"(max-width: 300px) 100vw, 300px\" \/><\/div>\n\t\t<\/a>\n\t\t\t\t<div class=\"elementor-post__text\">\n\t\t\t\t<h3 class=\"elementor-post__title\">\n\t\t\t<a href=\"https:\/\/sulsc.com\/index.php\/2026\/05\/02\/sabado-02-com-chuva-e-temporais-isolados-na-regiao-sul-e-domingo-frio-e-geada-em-sc\/\" >\n\t\t\t\tS\u00e1bado (02) com chuva e temporais isolados na regi\u00e3o sul e domingo com frio e geada em SC\t\t\t<\/a>\n\t\t<\/h3>\n\t\t\t\t<\/div>\n\t\t\t\t<\/article>\n\t\t\t\t<\/div>\n\t\t\n\t\t\t\t\t\t<\/div>\n\t\t\t\t<\/div>\n\t\t\t\t<div class=\"elementor-element elementor-element-3a4adc4 elementor-widget elementor-widget-heading\" data-id=\"3a4adc4\" data-element_type=\"widget\" data-widget_type=\"heading.default\">\n\t\t\t\t<div class=\"elementor-widget-container\">\n\t\t\t\t\t<h2 class=\"elementor-heading-title elementor-size-default\">GERAL<\/h2>\t\t\t\t<\/div>\n\t\t\t\t<\/div>\n\t\t\t\t<div class=\"elementor-element elementor-element-fcdd33e elementor-grid-3 elementor-grid-tablet-2 elementor-grid-mobile-1 elementor-posts--thumbnail-top elementor-widget elementor-widget-posts\" data-id=\"fcdd33e\" data-element_type=\"widget\" data-settings=\"{&quot;classic_columns&quot;:&quot;3&quot;,&quot;classic_columns_tablet&quot;:&quot;2&quot;,&quot;classic_columns_mobile&quot;:&quot;1&quot;,&quot;classic_row_gap&quot;:{&quot;unit&quot;:&quot;px&quot;,&quot;size&quot;:35,&quot;sizes&quot;:[]},&quot;classic_row_gap_tablet&quot;:{&quot;unit&quot;:&quot;px&quot;,&quot;size&quot;:&quot;&quot;,&quot;sizes&quot;:[]},&quot;classic_row_gap_mobile&quot;:{&quot;unit&quot;:&quot;px&quot;,&quot;size&quot;:&quot;&quot;,&quot;sizes&quot;:[]}}\" data-widget_type=\"posts.classic\">\n\t\t\t\t<div class=\"elementor-widget-container\">\n\t\t\t\t\t\t\t<div class=\"elementor-posts-container elementor-posts elementor-posts--skin-classic elementor-grid\">\n\t\t\t\t<article class=\"elementor-post elementor-grid-item post-33699 post type-post status-publish format-standard has-post-thumbnail hentry category-esportes category-geral category-sc category-tubarao category-ultimas tag-tubarao-futsal\">\n\t\t\t\t<a class=\"elementor-post__thumbnail__link\" href=\"https:\/\/sulsc.com\/index.php\/2026\/05\/02\/atlantico-rs-domina-e-supera-o-tubarao-futsal-em-casa-na-noite-desta-sexta-feira-1\/\" >\n\t\t\t<div class=\"elementor-post__thumbnail\"><img loading=\"lazy\" decoding=\"async\" width=\"300\" height=\"200\" src=\"https:\/\/sulsc.com\/wp-content\/uploads\/2026\/05\/17765a3b-bbfa-478c-b20e-b707ce2fafb6-300x200.jpg\" class=\"attachment-medium size-medium wp-image-33701\" alt=\"\" srcset=\"https:\/\/sulsc.com\/wp-content\/uploads\/2026\/05\/17765a3b-bbfa-478c-b20e-b707ce2fafb6-300x200.jpg 300w, https:\/\/sulsc.com\/wp-content\/uploads\/2026\/05\/17765a3b-bbfa-478c-b20e-b707ce2fafb6-1024x683.jpg 1024w, https:\/\/sulsc.com\/wp-content\/uploads\/2026\/05\/17765a3b-bbfa-478c-b20e-b707ce2fafb6-768x512.jpg 768w, https:\/\/sulsc.com\/wp-content\/uploads\/2026\/05\/17765a3b-bbfa-478c-b20e-b707ce2fafb6.jpg 1280w\" sizes=\"(max-width: 300px) 100vw, 300px\" \/><\/div>\n\t\t<\/a>\n\t\t\t\t<div class=\"elementor-post__text\">\n\t\t\t\t<h3 class=\"elementor-post__title\">\n\t\t\t<a href=\"https:\/\/sulsc.com\/index.php\/2026\/05\/02\/atlantico-rs-domina-e-supera-o-tubarao-futsal-em-casa-na-noite-desta-sexta-feira-1\/\" >\n\t\t\t\tAtl\u00e2ntico\/RS domina e supera o Tubar\u00e3o Futsal em casa na noite desta sexta-feira 1\u00b0\t\t\t<\/a>\n\t\t<\/h3>\n\t\t\t\t<\/div>\n\t\t\t\t<\/article>\n\t\t\t\t<article class=\"elementor-post elementor-grid-item post-33697 post type-post status-publish format-standard has-post-thumbnail hentry category-amurel category-geral category-imbituba category-sc category-ultimas tag-policia-militar-de-imbituba\">\n\t\t\t\t<a class=\"elementor-post__thumbnail__link\" href=\"https:\/\/sulsc.com\/index.php\/2026\/05\/02\/homem-com-mandado-aberto-por-homicidio-e-preso-no-fim-da-tarde-desta-sexta-feira-em-imbituba\/\" >\n\t\t\t<div class=\"elementor-post__thumbnail\"><img loading=\"lazy\" decoding=\"async\" width=\"300\" height=\"189\" src=\"https:\/\/sulsc.com\/wp-content\/uploads\/2025\/06\/PM-3-300x189.jpg\" class=\"attachment-medium size-medium wp-image-24838\" alt=\"\" srcset=\"https:\/\/sulsc.com\/wp-content\/uploads\/2025\/06\/PM-3-300x189.jpg 300w, https:\/\/sulsc.com\/wp-content\/uploads\/2025\/06\/PM-3-1024x645.jpg 1024w, https:\/\/sulsc.com\/wp-content\/uploads\/2025\/06\/PM-3-768x484.jpg 768w, https:\/\/sulsc.com\/wp-content\/uploads\/2025\/06\/PM-3.jpg 1080w\" sizes=\"(max-width: 300px) 100vw, 300px\" \/><\/div>\n\t\t<\/a>\n\t\t\t\t<div class=\"elementor-post__text\">\n\t\t\t\t<h3 class=\"elementor-post__title\">\n\t\t\t<a href=\"https:\/\/sulsc.com\/index.php\/2026\/05\/02\/homem-com-mandado-aberto-por-homicidio-e-preso-no-fim-da-tarde-desta-sexta-feira-em-imbituba\/\" >\n\t\t\t\tHomem com mandado aberto por homic\u00eddio \u00e9 preso no fim da tarde desta sexta-feira em Imbituba\t\t\t<\/a>\n\t\t<\/h3>\n\t\t\t\t<\/div>\n\t\t\t\t<\/article>\n\t\t\t\t<article class=\"elementor-post elementor-grid-item post-33693 post type-post status-publish format-standard has-post-thumbnail hentry category-geral category-sc category-tempo category-ultimas tag-previsao-do-tempo\">\n\t\t\t\t<a class=\"elementor-post__thumbnail__link\" href=\"https:\/\/sulsc.com\/index.php\/2026\/05\/02\/sabado-02-com-chuva-e-temporais-isolados-na-regiao-sul-e-domingo-frio-e-geada-em-sc\/\" >\n\t\t\t<div class=\"elementor-post__thumbnail\"><img loading=\"lazy\" decoding=\"async\" width=\"300\" height=\"135\" src=\"https:\/\/sulsc.com\/wp-content\/uploads\/2024\/10\/temporal-300x135.jpg\" class=\"attachment-medium size-medium wp-image-16430\" alt=\"\" srcset=\"https:\/\/sulsc.com\/wp-content\/uploads\/2024\/10\/temporal-300x135.jpg 300w, https:\/\/sulsc.com\/wp-content\/uploads\/2024\/10\/temporal-1024x462.jpg 1024w, https:\/\/sulsc.com\/wp-content\/uploads\/2024\/10\/temporal-768x346.jpg 768w, https:\/\/sulsc.com\/wp-content\/uploads\/2024\/10\/temporal-1536x693.jpg 1536w, https:\/\/sulsc.com\/wp-content\/uploads\/2024\/10\/temporal.jpg 1920w\" sizes=\"(max-width: 300px) 100vw, 300px\" \/><\/div>\n\t\t<\/a>\n\t\t\t\t<div class=\"elementor-post__text\">\n\t\t\t\t<h3 class=\"elementor-post__title\">\n\t\t\t<a href=\"https:\/\/sulsc.com\/index.php\/2026\/05\/02\/sabado-02-com-chuva-e-temporais-isolados-na-regiao-sul-e-domingo-frio-e-geada-em-sc\/\" >\n\t\t\t\tS\u00e1bado (02) com chuva e temporais isolados na regi\u00e3o sul e domingo com frio e geada em SC\t\t\t<\/a>\n\t\t<\/h3>\n\t\t\t\t<\/div>\n\t\t\t\t<\/article>\n\t\t\t\t<\/div>\n\t\t\n\t\t\t\t\t\t<\/div>\n\t\t\t\t<\/div>\n\t\t\t\t<div class=\"elementor-element elementor-element-3c104b3 elementor-widget elementor-widget-heading\" data-id=\"3c104b3\" data-element_type=\"widget\" data-widget_type=\"heading.default\">\n\t\t\t\t<div class=\"elementor-widget-container\">\n\t\t\t\t\t<h2 class=\"elementor-heading-title elementor-size-default\">TEMPO<\/h2>\t\t\t\t<\/div>\n\t\t\t\t<\/div>\n\t\t\t\t<div class=\"elementor-element elementor-element-924fff8 elementor-grid-3 elementor-grid-tablet-2 elementor-grid-mobile-1 elementor-posts--thumbnail-top elementor-widget elementor-widget-posts\" data-id=\"924fff8\" data-element_type=\"widget\" data-settings=\"{&quot;classic_columns&quot;:&quot;3&quot;,&quot;classic_columns_tablet&quot;:&quot;2&quot;,&quot;classic_columns_mobile&quot;:&quot;1&quot;,&quot;classic_row_gap&quot;:{&quot;unit&quot;:&quot;px&quot;,&quot;size&quot;:35,&quot;sizes&quot;:[]},&quot;classic_row_gap_tablet&quot;:{&quot;unit&quot;:&quot;px&quot;,&quot;size&quot;:&quot;&quot;,&quot;sizes&quot;:[]},&quot;classic_row_gap_mobile&quot;:{&quot;unit&quot;:&quot;px&quot;,&quot;size&quot;:&quot;&quot;,&quot;sizes&quot;:[]}}\" data-widget_type=\"posts.classic\">\n\t\t\t\t<div class=\"elementor-widget-container\">\n\t\t\t\t\t\t\t<div class=\"elementor-posts-container elementor-posts elementor-posts--skin-classic elementor-grid\">\n\t\t\t\t<article class=\"elementor-post elementor-grid-item post-33693 post type-post status-publish format-standard has-post-thumbnail hentry category-geral category-sc category-tempo category-ultimas tag-previsao-do-tempo\">\n\t\t\t\t<a class=\"elementor-post__thumbnail__link\" href=\"https:\/\/sulsc.com\/index.php\/2026\/05\/02\/sabado-02-com-chuva-e-temporais-isolados-na-regiao-sul-e-domingo-frio-e-geada-em-sc\/\" >\n\t\t\t<div class=\"elementor-post__thumbnail\"><img loading=\"lazy\" decoding=\"async\" width=\"300\" height=\"135\" src=\"https:\/\/sulsc.com\/wp-content\/uploads\/2024\/10\/temporal-300x135.jpg\" class=\"attachment-medium size-medium wp-image-16430\" alt=\"\" srcset=\"https:\/\/sulsc.com\/wp-content\/uploads\/2024\/10\/temporal-300x135.jpg 300w, https:\/\/sulsc.com\/wp-content\/uploads\/2024\/10\/temporal-1024x462.jpg 1024w, https:\/\/sulsc.com\/wp-content\/uploads\/2024\/10\/temporal-768x346.jpg 768w, https:\/\/sulsc.com\/wp-content\/uploads\/2024\/10\/temporal-1536x693.jpg 1536w, https:\/\/sulsc.com\/wp-content\/uploads\/2024\/10\/temporal.jpg 1920w\" sizes=\"(max-width: 300px) 100vw, 300px\" \/><\/div>\n\t\t<\/a>\n\t\t\t\t<div class=\"elementor-post__text\">\n\t\t\t\t<h3 class=\"elementor-post__title\">\n\t\t\t<a href=\"https:\/\/sulsc.com\/index.php\/2026\/05\/02\/sabado-02-com-chuva-e-temporais-isolados-na-regiao-sul-e-domingo-frio-e-geada-em-sc\/\" >\n\t\t\t\tS\u00e1bado (02) com chuva e temporais isolados na regi\u00e3o sul e domingo com frio e geada em SC\t\t\t<\/a>\n\t\t<\/h3>\n\t\t\t\t<\/div>\n\t\t\t\t<\/article>\n\t\t\t\t<article class=\"elementor-post elementor-grid-item post-33682 post type-post status-publish format-standard has-post-thumbnail hentry category-geral category-sc category-tempo category-ultimas tag-previsao-do-tempo\">\n\t\t\t\t<a class=\"elementor-post__thumbnail__link\" href=\"https:\/\/sulsc.com\/index.php\/2026\/05\/01\/1-de-maio-dia-do-trabalhador-om-sol-e-calor-em-sc\/\" >\n\t\t\t<div class=\"elementor-post__thumbnail\"><img loading=\"lazy\" decoding=\"async\" width=\"226\" height=\"300\" src=\"https:\/\/sulsc.com\/wp-content\/uploads\/2026\/03\/1e4ca8ac-59b1-49f2-9ad8-9e6005e3bb0e-e1773309480279-226x300.jpeg\" class=\"attachment-medium size-medium wp-image-32977\" alt=\"\" srcset=\"https:\/\/sulsc.com\/wp-content\/uploads\/2026\/03\/1e4ca8ac-59b1-49f2-9ad8-9e6005e3bb0e-e1773309480279-226x300.jpeg 226w, https:\/\/sulsc.com\/wp-content\/uploads\/2026\/03\/1e4ca8ac-59b1-49f2-9ad8-9e6005e3bb0e-e1773309480279.jpeg 712w\" sizes=\"(max-width: 226px) 100vw, 226px\" \/><\/div>\n\t\t<\/a>\n\t\t\t\t<div class=\"elementor-post__text\">\n\t\t\t\t<h3 class=\"elementor-post__title\">\n\t\t\t<a href=\"https:\/\/sulsc.com\/index.php\/2026\/05\/01\/1-de-maio-dia-do-trabalhador-om-sol-e-calor-em-sc\/\" >\n\t\t\t\t1\u00b0 de maio dia do trabalhador com sol e calor em SC\t\t\t<\/a>\n\t\t<\/h3>\n\t\t\t\t<\/div>\n\t\t\t\t<\/article>\n\t\t\t\t<article class=\"elementor-post elementor-grid-item post-33642 post type-post status-publish format-standard has-post-thumbnail hentry category-geral category-sc category-tempo category-ultimas tag-previsao-do-tempo\">\n\t\t\t\t<a class=\"elementor-post__thumbnail__link\" href=\"https:\/\/sulsc.com\/index.php\/2026\/04\/28\/terca-feira-28-gelada-em-todas-as-regioes-de-sc\/\" >\n\t\t\t<div class=\"elementor-post__thumbnail\"><img loading=\"lazy\" decoding=\"async\" width=\"300\" height=\"140\" src=\"https:\/\/sulsc.com\/wp-content\/uploads\/2026\/04\/98bf2fe7-1ce8-4a4c-977d-78807ee29c77-300x140.jpg\" class=\"attachment-medium size-medium wp-image-33644\" alt=\"\" srcset=\"https:\/\/sulsc.com\/wp-content\/uploads\/2026\/04\/98bf2fe7-1ce8-4a4c-977d-78807ee29c77-300x140.jpg 300w, https:\/\/sulsc.com\/wp-content\/uploads\/2026\/04\/98bf2fe7-1ce8-4a4c-977d-78807ee29c77-1024x478.jpg 1024w, https:\/\/sulsc.com\/wp-content\/uploads\/2026\/04\/98bf2fe7-1ce8-4a4c-977d-78807ee29c77-768x358.jpg 768w, https:\/\/sulsc.com\/wp-content\/uploads\/2026\/04\/98bf2fe7-1ce8-4a4c-977d-78807ee29c77.jpg 1280w\" sizes=\"(max-width: 300px) 100vw, 300px\" \/><\/div>\n\t\t<\/a>\n\t\t\t\t<div class=\"elementor-post__text\">\n\t\t\t\t<h3 class=\"elementor-post__title\">\n\t\t\t<a href=\"https:\/\/sulsc.com\/index.php\/2026\/04\/28\/terca-feira-28-gelada-em-todas-as-regioes-de-sc\/\" >\n\t\t\t\tTer\u00e7a-feira (28) gelada em todas as regi\u00f5es de SC\t\t\t<\/a>\n\t\t<\/h3>\n\t\t\t\t<\/div>\n\t\t\t\t<\/article>\n\t\t\t\t<\/div>\n\t\t\n\t\t\t\t\t\t<\/div>\n\t\t\t\t<\/div>\n\t\t\t\t<div class=\"elementor-element elementor-element-20ff933 elementor-widget elementor-widget-heading\" data-id=\"20ff933\" data-element_type=\"widget\" data-widget_type=\"heading.default\">\n\t\t\t\t<div class=\"elementor-widget-container\">\n\t\t\t\t\t<h2 class=\"elementor-heading-title elementor-size-default\">LOTERIAS<\/h2>\t\t\t\t<\/div>\n\t\t\t\t<\/div>\n\t\t\t\t<div class=\"elementor-element elementor-element-cab9c71 elementor-grid-3 elementor-grid-tablet-2 elementor-grid-mobile-1 elementor-posts--thumbnail-top elementor-widget elementor-widget-posts\" data-id=\"cab9c71\" data-element_type=\"widget\" data-settings=\"{&quot;classic_columns&quot;:&quot;3&quot;,&quot;classic_columns_tablet&quot;:&quot;2&quot;,&quot;classic_columns_mobile&quot;:&quot;1&quot;,&quot;classic_row_gap&quot;:{&quot;unit&quot;:&quot;px&quot;,&quot;size&quot;:35,&quot;sizes&quot;:[]},&quot;classic_row_gap_tablet&quot;:{&quot;unit&quot;:&quot;px&quot;,&quot;size&quot;:&quot;&quot;,&quot;sizes&quot;:[]},&quot;classic_row_gap_mobile&quot;:{&quot;unit&quot;:&quot;px&quot;,&quot;size&quot;:&quot;&quot;,&quot;sizes&quot;:[]}}\" data-widget_type=\"posts.classic\">\n\t\t\t\t<div class=\"elementor-widget-container\">\n\t\t\t\t\t\t\t<div class=\"elementor-posts-container elementor-posts elementor-posts--skin-classic elementor-grid\">\n\t\t\t\t<article class=\"elementor-post elementor-grid-item post-33615 post type-post status-publish format-standard has-post-thumbnail hentry category-geral category-loterias category-mega-sena-2 category-ultimas tag-mega-sena-loterias\">\n\t\t\t\t<a class=\"elementor-post__thumbnail__link\" href=\"https:\/\/sulsc.com\/index.php\/2026\/04\/26\/mega-sena-premio-acumula-e-vai-a-115-milhoes-para-o-proximo-sorteio\/\" >\n\t\t\t<div class=\"elementor-post__thumbnail\"><img loading=\"lazy\" decoding=\"async\" width=\"300\" height=\"212\" src=\"https:\/\/sulsc.com\/wp-content\/uploads\/2023\/10\/Mega-Sena-Concurso-300x212.jpg\" class=\"attachment-medium size-medium wp-image-2344\" alt=\"\" srcset=\"https:\/\/sulsc.com\/wp-content\/uploads\/2023\/10\/Mega-Sena-Concurso-300x212.jpg 300w, https:\/\/sulsc.com\/wp-content\/uploads\/2023\/10\/Mega-Sena-Concurso-1024x723.jpg 1024w, https:\/\/sulsc.com\/wp-content\/uploads\/2023\/10\/Mega-Sena-Concurso-768x542.jpg 768w, https:\/\/sulsc.com\/wp-content\/uploads\/2023\/10\/Mega-Sena-Concurso.jpg 1200w\" sizes=\"(max-width: 300px) 100vw, 300px\" \/><\/div>\n\t\t<\/a>\n\t\t\t\t<div class=\"elementor-post__text\">\n\t\t\t\t<h3 class=\"elementor-post__title\">\n\t\t\t<a href=\"https:\/\/sulsc.com\/index.php\/2026\/04\/26\/mega-sena-premio-acumula-e-vai-a-115-milhoes-para-o-proximo-sorteio\/\" >\n\t\t\t\tMega-Sena: Pr\u00eamio acumula e vai a 115 milh\u00f5es para o pr\u00f3ximo sorteio\t\t\t<\/a>\n\t\t<\/h3>\n\t\t\t\t<\/div>\n\t\t\t\t<\/article>\n\t\t\t\t<article class=\"elementor-post elementor-grid-item post-33519 post type-post status-publish format-standard has-post-thumbnail hentry category-geral category-loterias category-mega-sena-2 category-ultimas tag-mega-sena-loterias\">\n\t\t\t\t<a class=\"elementor-post__thumbnail__link\" href=\"https:\/\/sulsc.com\/index.php\/2026\/04\/19\/mega-sena-premio-acumula-e-vai-a-r-70-milhoes-nesta-terca-feira-21\/\" >\n\t\t\t<div class=\"elementor-post__thumbnail\"><img loading=\"lazy\" decoding=\"async\" width=\"300\" height=\"200\" src=\"https:\/\/sulsc.com\/wp-content\/uploads\/2026\/04\/8b13216f-de9c-4c89-9e89-adb165cb8231-300x200.jpg\" class=\"attachment-medium size-medium wp-image-33521\" alt=\"\" srcset=\"https:\/\/sulsc.com\/wp-content\/uploads\/2026\/04\/8b13216f-de9c-4c89-9e89-adb165cb8231-300x200.jpg 300w, https:\/\/sulsc.com\/wp-content\/uploads\/2026\/04\/8b13216f-de9c-4c89-9e89-adb165cb8231-1024x683.jpg 1024w, https:\/\/sulsc.com\/wp-content\/uploads\/2026\/04\/8b13216f-de9c-4c89-9e89-adb165cb8231-768x512.jpg 768w, https:\/\/sulsc.com\/wp-content\/uploads\/2026\/04\/8b13216f-de9c-4c89-9e89-adb165cb8231.jpg 1150w\" sizes=\"(max-width: 300px) 100vw, 300px\" \/><\/div>\n\t\t<\/a>\n\t\t\t\t<div class=\"elementor-post__text\">\n\t\t\t\t<h3 class=\"elementor-post__title\">\n\t\t\t<a href=\"https:\/\/sulsc.com\/index.php\/2026\/04\/19\/mega-sena-premio-acumula-e-vai-a-r-70-milhoes-nesta-terca-feira-21\/\" >\n\t\t\t\tMega-Sena pr\u00eamio acumula e vai a R$ 70 milh\u00f5es nesta ter\u00e7a-feira (21)\t\t\t<\/a>\n\t\t<\/h3>\n\t\t\t\t<\/div>\n\t\t\t\t<\/article>\n\t\t\t\t<article class=\"elementor-post elementor-grid-item post-33504 post type-post status-publish format-standard has-post-thumbnail hentry category-geral category-loterias category-mega-sena-2 category-ultimas tag-mega-sena-loterias\">\n\t\t\t\t<a class=\"elementor-post__thumbnail__link\" href=\"https:\/\/sulsc.com\/index.php\/2026\/04\/18\/acumulada-mega-sena-sorteia-premio-de-r-60-milhoes-neste-sabado-18\/\" >\n\t\t\t<div class=\"elementor-post__thumbnail\"><img loading=\"lazy\" decoding=\"async\" width=\"300\" height=\"179\" src=\"https:\/\/sulsc.com\/wp-content\/uploads\/2024\/07\/mega-sena-300x179.webp\" class=\"attachment-medium size-medium wp-image-14346\" alt=\"\" srcset=\"https:\/\/sulsc.com\/wp-content\/uploads\/2024\/07\/mega-sena-300x179.webp 300w, https:\/\/sulsc.com\/wp-content\/uploads\/2024\/07\/mega-sena-1024x613.webp 1024w, https:\/\/sulsc.com\/wp-content\/uploads\/2024\/07\/mega-sena-768x459.webp 768w, https:\/\/sulsc.com\/wp-content\/uploads\/2024\/07\/mega-sena.webp 1170w\" sizes=\"(max-width: 300px) 100vw, 300px\" \/><\/div>\n\t\t<\/a>\n\t\t\t\t<div class=\"elementor-post__text\">\n\t\t\t\t<h3 class=\"elementor-post__title\">\n\t\t\t<a href=\"https:\/\/sulsc.com\/index.php\/2026\/04\/18\/acumulada-mega-sena-sorteia-premio-de-r-60-milhoes-neste-sabado-18\/\" >\n\t\t\t\tAcumulada Mega-Sena sorteia pr\u00eamio de R$ 60 milh\u00f5es neste s\u00e1bado (18)\t\t\t<\/a>\n\t\t<\/h3>\n\t\t\t\t<\/div>\n\t\t\t\t<\/article>\n\t\t\t\t<\/div>\n\t\t\n\t\t\t\t\t\t<\/div>\n\t\t\t\t<\/div>\n\t\t\t\t<div class=\"elementor-element elementor-element-d9cb11e elementor-widget elementor-widget-heading\" data-id=\"d9cb11e\" data-element_type=\"widget\" data-widget_type=\"heading.default\">\n\t\t\t\t<div class=\"elementor-widget-container\">\n\t\t\t\t\t<h2 class=\"elementor-heading-title elementor-size-default\">CULTURA<\/h2>\t\t\t\t<\/div>\n\t\t\t\t<\/div>\n\t\t\t\t<div class=\"elementor-element elementor-element-e029647 elementor-grid-3 elementor-grid-tablet-2 elementor-grid-mobile-1 elementor-posts--thumbnail-top elementor-widget elementor-widget-posts\" data-id=\"e029647\" data-element_type=\"widget\" data-settings=\"{&quot;classic_columns&quot;:&quot;3&quot;,&quot;classic_columns_tablet&quot;:&quot;2&quot;,&quot;classic_columns_mobile&quot;:&quot;1&quot;,&quot;classic_row_gap&quot;:{&quot;unit&quot;:&quot;px&quot;,&quot;size&quot;:35,&quot;sizes&quot;:[]},&quot;classic_row_gap_tablet&quot;:{&quot;unit&quot;:&quot;px&quot;,&quot;size&quot;:&quot;&quot;,&quot;sizes&quot;:[]},&quot;classic_row_gap_mobile&quot;:{&quot;unit&quot;:&quot;px&quot;,&quot;size&quot;:&quot;&quot;,&quot;sizes&quot;:[]}}\" data-widget_type=\"posts.classic\">\n\t\t\t\t<div class=\"elementor-widget-container\">\n\t\t\t\t\t\t\t<div class=\"elementor-posts-container elementor-posts elementor-posts--skin-classic elementor-grid\">\n\t\t\t\t<article class=\"elementor-post elementor-grid-item post-32986 post type-post status-publish format-standard has-post-thumbnail hentry category-amurel category-cultura category-geral category-laguna category-nacional category-sc category-ultimas tag-prefeitura-de-laguna\">\n\t\t\t\t<a class=\"elementor-post__thumbnail__link\" href=\"https:\/\/sulsc.com\/index.php\/2026\/03\/12\/pratica-de-pesca-artesanal-com-botos-em-laguna-recebe-registro-nacional\/\" >\n\t\t\t<div class=\"elementor-post__thumbnail\"><img loading=\"lazy\" decoding=\"async\" width=\"300\" height=\"196\" src=\"https:\/\/sulsc.com\/wp-content\/uploads\/2026\/03\/11ae1452-337c-4ec7-b4c0-abe446a0407b-300x196.jpeg\" class=\"attachment-medium size-medium wp-image-32988\" alt=\"\" srcset=\"https:\/\/sulsc.com\/wp-content\/uploads\/2026\/03\/11ae1452-337c-4ec7-b4c0-abe446a0407b-300x196.jpeg 300w, https:\/\/sulsc.com\/wp-content\/uploads\/2026\/03\/11ae1452-337c-4ec7-b4c0-abe446a0407b-1024x669.jpeg 1024w, https:\/\/sulsc.com\/wp-content\/uploads\/2026\/03\/11ae1452-337c-4ec7-b4c0-abe446a0407b-768x502.jpeg 768w, https:\/\/sulsc.com\/wp-content\/uploads\/2026\/03\/11ae1452-337c-4ec7-b4c0-abe446a0407b.jpeg 1080w\" sizes=\"(max-width: 300px) 100vw, 300px\" \/><\/div>\n\t\t<\/a>\n\t\t\t\t<div class=\"elementor-post__text\">\n\t\t\t\t<h3 class=\"elementor-post__title\">\n\t\t\t<a href=\"https:\/\/sulsc.com\/index.php\/2026\/03\/12\/pratica-de-pesca-artesanal-com-botos-em-laguna-recebe-registro-nacional\/\" >\n\t\t\t\tPr\u00e1tica de pesca artesanal com botos em Laguna recebe registro nacional\t\t\t<\/a>\n\t\t<\/h3>\n\t\t\t\t<\/div>\n\t\t\t\t<\/article>\n\t\t\t\t<article class=\"elementor-post elementor-grid-item post-32963 post type-post status-publish format-standard has-post-thumbnail hentry category-amurel category-cultura category-geral category-laguna category-sc category-ultimas tag-prefeitura-de-laguna\">\n\t\t\t\t<a class=\"elementor-post__thumbnail__link\" href=\"https:\/\/sulsc.com\/index.php\/2026\/03\/11\/laguna-transmite-ao-vivo-reuniao-sobre-registro-da-pesca-cooperativa-entre-pescadores-e-botos-no-sul-do-brasil-como-patrimonio-cultural\/\" >\n\t\t\t<div class=\"elementor-post__thumbnail\"><img loading=\"lazy\" decoding=\"async\" width=\"300\" height=\"167\" src=\"https:\/\/sulsc.com\/wp-content\/uploads\/2026\/03\/2070249-800x445-1-300x167.jpg\" class=\"attachment-medium size-medium wp-image-32964\" alt=\"\" srcset=\"https:\/\/sulsc.com\/wp-content\/uploads\/2026\/03\/2070249-800x445-1-300x167.jpg 300w, https:\/\/sulsc.com\/wp-content\/uploads\/2026\/03\/2070249-800x445-1-768x427.jpg 768w, https:\/\/sulsc.com\/wp-content\/uploads\/2026\/03\/2070249-800x445-1.jpg 800w\" sizes=\"(max-width: 300px) 100vw, 300px\" \/><\/div>\n\t\t<\/a>\n\t\t\t\t<div class=\"elementor-post__text\">\n\t\t\t\t<h3 class=\"elementor-post__title\">\n\t\t\t<a href=\"https:\/\/sulsc.com\/index.php\/2026\/03\/11\/laguna-transmite-ao-vivo-reuniao-sobre-registro-da-pesca-cooperativa-entre-pescadores-e-botos-no-sul-do-brasil-como-patrimonio-cultural\/\" >\n\t\t\t\tLaguna transmite ao vivo reuni\u00e3o sobre Registro da Pesca Cooperativa entre pescadores e botos no Sul do Brasil como Patrim\u00f4nio Cultural\t\t\t<\/a>\n\t\t<\/h3>\n\t\t\t\t<\/div>\n\t\t\t\t<\/article>\n\t\t\t\t<article class=\"elementor-post elementor-grid-item post-32316 post type-post status-publish format-standard has-post-thumbnail hentry category-amrec category-amurel category-cultura category-geral category-sc category-ultimas tag-morte\">\n\t\t\t\t<a class=\"elementor-post__thumbnail__link\" href=\"https:\/\/sulsc.com\/index.php\/2026\/02\/13\/morre-o-musico-nenem-fundador-da-banda-matusa\/\" >\n\t\t\t<div class=\"elementor-post__thumbnail\"><img loading=\"lazy\" decoding=\"async\" width=\"300\" height=\"196\" src=\"https:\/\/sulsc.com\/wp-content\/uploads\/2026\/02\/dfa3d4f1-0f1d-4bdc-8105-d6de83086c7e-300x196.jpeg\" class=\"attachment-medium size-medium wp-image-32318\" alt=\"\" srcset=\"https:\/\/sulsc.com\/wp-content\/uploads\/2026\/02\/dfa3d4f1-0f1d-4bdc-8105-d6de83086c7e-300x196.jpeg 300w, https:\/\/sulsc.com\/wp-content\/uploads\/2026\/02\/dfa3d4f1-0f1d-4bdc-8105-d6de83086c7e-1024x667.jpeg 1024w, https:\/\/sulsc.com\/wp-content\/uploads\/2026\/02\/dfa3d4f1-0f1d-4bdc-8105-d6de83086c7e-768x501.jpeg 768w, https:\/\/sulsc.com\/wp-content\/uploads\/2026\/02\/dfa3d4f1-0f1d-4bdc-8105-d6de83086c7e.jpeg 1080w\" sizes=\"(max-width: 300px) 100vw, 300px\" \/><\/div>\n\t\t<\/a>\n\t\t\t\t<div class=\"elementor-post__text\">\n\t\t\t\t<h3 class=\"elementor-post__title\">\n\t\t\t<a href=\"https:\/\/sulsc.com\/index.php\/2026\/02\/13\/morre-o-musico-nenem-fundador-da-banda-matusa\/\" >\n\t\t\t\tMorre o musico Nenem fundador da Banda Matusa\t\t\t<\/a>\n\t\t<\/h3>\n\t\t\t\t<\/div>\n\t\t\t\t<\/article>\n\t\t\t\t<\/div>\n\t\t\n\t\t\t\t\t\t<\/div>\n\t\t\t\t<\/div>\n\t\t\t\t<div class=\"elementor-element elementor-element-57edda4 elementor-widget elementor-widget-heading\" data-id=\"57edda4\" data-element_type=\"widget\" data-widget_type=\"heading.default\">\n\t\t\t\t<div class=\"elementor-widget-container\">\n\t\t\t\t\t<h2 class=\"elementor-heading-title elementor-size-default\">TECH<\/h2>\t\t\t\t<\/div>\n\t\t\t\t<\/div>\n\t\t\t\t<div class=\"elementor-element elementor-element-e465728 elementor-grid-3 elementor-grid-tablet-2 elementor-grid-mobile-1 elementor-posts--thumbnail-top elementor-widget elementor-widget-posts\" data-id=\"e465728\" data-element_type=\"widget\" data-settings=\"{&quot;classic_columns&quot;:&quot;3&quot;,&quot;classic_columns_tablet&quot;:&quot;2&quot;,&quot;classic_columns_mobile&quot;:&quot;1&quot;,&quot;classic_row_gap&quot;:{&quot;unit&quot;:&quot;px&quot;,&quot;size&quot;:35,&quot;sizes&quot;:[]},&quot;classic_row_gap_tablet&quot;:{&quot;unit&quot;:&quot;px&quot;,&quot;size&quot;:&quot;&quot;,&quot;sizes&quot;:[]},&quot;classic_row_gap_mobile&quot;:{&quot;unit&quot;:&quot;px&quot;,&quot;size&quot;:&quot;&quot;,&quot;sizes&quot;:[]}}\" data-widget_type=\"posts.classic\">\n\t\t\t\t<div class=\"elementor-widget-container\">\n\t\t\t\t\t\t\t<div class=\"elementor-posts-container elementor-posts elementor-posts--skin-classic elementor-grid\">\n\t\t\t\t<article class=\"elementor-post elementor-grid-item post-32195 post type-post status-publish format-standard has-post-thumbnail hentry category-alesc category-florianopolis category-geral category-sc category-tech category-ultimas tag-alesc tag-fecam tag-governo-catarinense\">\n\t\t\t\t<a class=\"elementor-post__thumbnail__link\" href=\"https:\/\/sulsc.com\/index.php\/2026\/02\/09\/governo-de-sc-alesc-e-fecam-desenvolve-plataforma-digital-para-ampliar-transparencia-no-repasse-de-recursos-aos-municipios\/\" >\n\t\t\t<div class=\"elementor-post__thumbnail\"><img loading=\"lazy\" decoding=\"async\" width=\"300\" height=\"211\" src=\"https:\/\/sulsc.com\/wp-content\/uploads\/2026\/02\/2322cb12-5471-4876-9ee7-2e15f9b70793-300x211.jpeg\" class=\"attachment-medium size-medium wp-image-32197\" alt=\"\" srcset=\"https:\/\/sulsc.com\/wp-content\/uploads\/2026\/02\/2322cb12-5471-4876-9ee7-2e15f9b70793-300x211.jpeg 300w, https:\/\/sulsc.com\/wp-content\/uploads\/2026\/02\/2322cb12-5471-4876-9ee7-2e15f9b70793-1024x722.jpeg 1024w, https:\/\/sulsc.com\/wp-content\/uploads\/2026\/02\/2322cb12-5471-4876-9ee7-2e15f9b70793-768x541.jpeg 768w, https:\/\/sulsc.com\/wp-content\/uploads\/2026\/02\/2322cb12-5471-4876-9ee7-2e15f9b70793.jpeg 1080w\" sizes=\"(max-width: 300px) 100vw, 300px\" \/><\/div>\n\t\t<\/a>\n\t\t\t\t<div class=\"elementor-post__text\">\n\t\t\t\t<h3 class=\"elementor-post__title\">\n\t\t\t<a href=\"https:\/\/sulsc.com\/index.php\/2026\/02\/09\/governo-de-sc-alesc-e-fecam-desenvolve-plataforma-digital-para-ampliar-transparencia-no-repasse-de-recursos-aos-municipios\/\" >\n\t\t\t\tGoverno de SC, Alesc e Fecam desenvolve plataforma digital para ampliar transpar\u00eancia no repasse de recursos aos munic\u00edpios\t\t\t<\/a>\n\t\t<\/h3>\n\t\t\t\t<\/div>\n\t\t\t\t<\/article>\n\t\t\t\t<article class=\"elementor-post elementor-grid-item post-30827 post type-post status-publish format-standard has-post-thumbnail hentry category-geral category-nacional category-tech\">\n\t\t\t\t<a class=\"elementor-post__thumbnail__link\" href=\"https:\/\/sulsc.com\/index.php\/2025\/12\/12\/celular-seguro-passa-a-bloquear-tambem-aparelhos-sem-o-app-instalado\/\" >\n\t\t\t<div class=\"elementor-post__thumbnail\"><img loading=\"lazy\" decoding=\"async\" width=\"300\" height=\"177\" src=\"https:\/\/sulsc.com\/wp-content\/uploads\/2025\/12\/Captura-de-tela-2025-12-12-165610-300x177.png\" class=\"attachment-medium size-medium wp-image-30828\" alt=\"\" srcset=\"https:\/\/sulsc.com\/wp-content\/uploads\/2025\/12\/Captura-de-tela-2025-12-12-165610-300x177.png 300w, https:\/\/sulsc.com\/wp-content\/uploads\/2025\/12\/Captura-de-tela-2025-12-12-165610.png 743w\" sizes=\"(max-width: 300px) 100vw, 300px\" \/><\/div>\n\t\t<\/a>\n\t\t\t\t<div class=\"elementor-post__text\">\n\t\t\t\t<h3 class=\"elementor-post__title\">\n\t\t\t<a href=\"https:\/\/sulsc.com\/index.php\/2025\/12\/12\/celular-seguro-passa-a-bloquear-tambem-aparelhos-sem-o-app-instalado\/\" >\n\t\t\t\tCelular Seguro passa a bloquear tamb\u00e9m aparelhos sem o app instalado\t\t\t<\/a>\n\t\t<\/h3>\n\t\t\t\t<\/div>\n\t\t\t\t<\/article>\n\t\t\t\t<article class=\"elementor-post elementor-grid-item post-27865 post type-post status-publish format-standard has-post-thumbnail hentry category-educacao category-pescaria-brava category-tech category-ultimas tag-consultoria-educacional tag-google-for-education tag-google-workspace-for-education\">\n\t\t\t\t<a class=\"elementor-post__thumbnail__link\" href=\"https:\/\/sulsc.com\/index.php\/2025\/10\/01\/pescaria-brava-implanta-o-google-for-education-na-rede-municipal\/\" >\n\t\t\t<div class=\"elementor-post__thumbnail\"><img loading=\"lazy\" decoding=\"async\" width=\"173\" height=\"300\" src=\"https:\/\/sulsc.com\/wp-content\/uploads\/2025\/10\/Imagem-do-WhatsApp-de-2025-10-01-as-14.00.51_5dff1df0-173x300.jpg\" class=\"attachment-medium size-medium wp-image-27868\" alt=\"\" srcset=\"https:\/\/sulsc.com\/wp-content\/uploads\/2025\/10\/Imagem-do-WhatsApp-de-2025-10-01-as-14.00.51_5dff1df0-173x300.jpg 173w, https:\/\/sulsc.com\/wp-content\/uploads\/2025\/10\/Imagem-do-WhatsApp-de-2025-10-01-as-14.00.51_5dff1df0-589x1024.jpg 589w, https:\/\/sulsc.com\/wp-content\/uploads\/2025\/10\/Imagem-do-WhatsApp-de-2025-10-01-as-14.00.51_5dff1df0-768x1336.jpg 768w, https:\/\/sulsc.com\/wp-content\/uploads\/2025\/10\/Imagem-do-WhatsApp-de-2025-10-01-as-14.00.51_5dff1df0-883x1536.jpg 883w, https:\/\/sulsc.com\/wp-content\/uploads\/2025\/10\/Imagem-do-WhatsApp-de-2025-10-01-as-14.00.51_5dff1df0.jpg 920w\" sizes=\"(max-width: 173px) 100vw, 173px\" \/><\/div>\n\t\t<\/a>\n\t\t\t\t<div class=\"elementor-post__text\">\n\t\t\t\t<h3 class=\"elementor-post__title\">\n\t\t\t<a href=\"https:\/\/sulsc.com\/index.php\/2025\/10\/01\/pescaria-brava-implanta-o-google-for-education-na-rede-municipal\/\" >\n\t\t\t\tPescaria Brava implanta o Google for Education na rede municipal\t\t\t<\/a>\n\t\t<\/h3>\n\t\t\t\t<\/div>\n\t\t\t\t<\/article>\n\t\t\t\t<\/div>\n\t\t\n\t\t\t\t\t\t<\/div>\n\t\t\t\t<\/div>\n\t\t\t\t<div class=\"elementor-element elementor-element-55027a3 elementor-widget elementor-widget-heading\" data-id=\"55027a3\" data-element_type=\"widget\" data-widget_type=\"heading.default\">\n\t\t\t\t<div class=\"elementor-widget-container\">\n\t\t\t\t\t<h2 class=\"elementor-heading-title elementor-size-default\">MEIO AMBIENTE<\/h2>\t\t\t\t<\/div>\n\t\t\t\t<\/div>\n\t\t\t\t<div class=\"elementor-element elementor-element-7182ab0 elementor-grid-3 elementor-grid-tablet-2 elementor-grid-mobile-1 elementor-posts--thumbnail-top elementor-widget elementor-widget-posts\" data-id=\"7182ab0\" data-element_type=\"widget\" data-settings=\"{&quot;classic_columns&quot;:&quot;3&quot;,&quot;classic_columns_tablet&quot;:&quot;2&quot;,&quot;classic_columns_mobile&quot;:&quot;1&quot;,&quot;classic_row_gap&quot;:{&quot;unit&quot;:&quot;px&quot;,&quot;size&quot;:35,&quot;sizes&quot;:[]},&quot;classic_row_gap_tablet&quot;:{&quot;unit&quot;:&quot;px&quot;,&quot;size&quot;:&quot;&quot;,&quot;sizes&quot;:[]},&quot;classic_row_gap_mobile&quot;:{&quot;unit&quot;:&quot;px&quot;,&quot;size&quot;:&quot;&quot;,&quot;sizes&quot;:[]}}\" data-widget_type=\"posts.classic\">\n\t\t\t\t<div class=\"elementor-widget-container\">\n\t\t\t\t\t\t\t<div class=\"elementor-posts-container elementor-posts elementor-posts--skin-classic elementor-grid\">\n\t\t\t\t<article class=\"elementor-post elementor-grid-item post-32880 post type-post status-publish format-standard has-post-thumbnail hentry category-geral category-meio-ambiente category-nacional category-ultimas tag-meio-ambiente\">\n\t\t\t\t<a class=\"elementor-post__thumbnail__link\" href=\"https:\/\/sulsc.com\/index.php\/2026\/03\/07\/governo-cria-duas-unidades-de-conservacao-federais-no-rs\/\" >\n\t\t\t<div class=\"elementor-post__thumbnail\"><img loading=\"lazy\" decoding=\"async\" width=\"300\" height=\"179\" src=\"https:\/\/sulsc.com\/wp-content\/uploads\/2026\/03\/regiao_do_albardao-300x179.webp\" class=\"attachment-medium size-medium wp-image-32881\" alt=\"\" srcset=\"https:\/\/sulsc.com\/wp-content\/uploads\/2026\/03\/regiao_do_albardao-300x179.webp 300w, https:\/\/sulsc.com\/wp-content\/uploads\/2026\/03\/regiao_do_albardao-1024x613.webp 1024w, https:\/\/sulsc.com\/wp-content\/uploads\/2026\/03\/regiao_do_albardao-768x459.webp 768w, https:\/\/sulsc.com\/wp-content\/uploads\/2026\/03\/regiao_do_albardao.webp 1170w\" sizes=\"(max-width: 300px) 100vw, 300px\" \/><\/div>\n\t\t<\/a>\n\t\t\t\t<div class=\"elementor-post__text\">\n\t\t\t\t<h3 class=\"elementor-post__title\">\n\t\t\t<a href=\"https:\/\/sulsc.com\/index.php\/2026\/03\/07\/governo-cria-duas-unidades-de-conservacao-federais-no-rs\/\" >\n\t\t\t\tGoverno cria duas unidades de conserva\u00e7\u00e3o federais no RS\t\t\t<\/a>\n\t\t<\/h3>\n\t\t\t\t<\/div>\n\t\t\t\t<\/article>\n\t\t\t\t<article class=\"elementor-post elementor-grid-item post-30332 post type-post status-publish format-standard has-post-thumbnail hentry category-laguna category-meio-ambiente category-ultimas\">\n\t\t\t\t<a class=\"elementor-post__thumbnail__link\" href=\"https:\/\/sulsc.com\/index.php\/2025\/12\/02\/meio-ambiente-pl-cria-instituto-ambiental-de-laguna\/\" >\n\t\t\t<div class=\"elementor-post__thumbnail\"><img loading=\"lazy\" decoding=\"async\" width=\"300\" height=\"201\" src=\"https:\/\/sulsc.com\/wp-content\/uploads\/2023\/12\/Laguna-300x201.jpg\" class=\"attachment-medium size-medium wp-image-5886\" alt=\"\" srcset=\"https:\/\/sulsc.com\/wp-content\/uploads\/2023\/12\/Laguna-300x201.jpg 300w, https:\/\/sulsc.com\/wp-content\/uploads\/2023\/12\/Laguna-1024x686.jpg 1024w, https:\/\/sulsc.com\/wp-content\/uploads\/2023\/12\/Laguna-768x514.jpg 768w, https:\/\/sulsc.com\/wp-content\/uploads\/2023\/12\/Laguna-1536x1028.jpg 1536w, https:\/\/sulsc.com\/wp-content\/uploads\/2023\/12\/Laguna-2048x1371.jpg 2048w\" sizes=\"(max-width: 300px) 100vw, 300px\" \/><\/div>\n\t\t<\/a>\n\t\t\t\t<div class=\"elementor-post__text\">\n\t\t\t\t<h3 class=\"elementor-post__title\">\n\t\t\t<a href=\"https:\/\/sulsc.com\/index.php\/2025\/12\/02\/meio-ambiente-pl-cria-instituto-ambiental-de-laguna\/\" >\n\t\t\t\tMeio Ambiente: PL cria Instituto Ambiental de Laguna\t\t\t<\/a>\n\t\t<\/h3>\n\t\t\t\t<\/div>\n\t\t\t\t<\/article>\n\t\t\t\t<article class=\"elementor-post elementor-grid-item post-29563 post type-post status-publish format-standard has-post-thumbnail hentry category-meio-ambiente category-mundo category-ultimas tag-aquecimento-global tag-cop30 tag-risco-de-aquecimento\">\n\t\t\t\t<a class=\"elementor-post__thumbnail__link\" href=\"https:\/\/sulsc.com\/index.php\/2025\/11\/12\/cientista-alerta-para-risco-de-aquecimento-global-por-longo-tempo\/\" >\n\t\t\t<div class=\"elementor-post__thumbnail\"><img loading=\"lazy\" decoding=\"async\" width=\"300\" height=\"179\" src=\"https:\/\/sulsc.com\/wp-content\/uploads\/2025\/11\/Clima-300x179.jpg\" class=\"attachment-medium size-medium wp-image-29564\" alt=\"\" srcset=\"https:\/\/sulsc.com\/wp-content\/uploads\/2025\/11\/Clima-300x179.jpg 300w, https:\/\/sulsc.com\/wp-content\/uploads\/2025\/11\/Clima-1024x613.jpg 1024w, https:\/\/sulsc.com\/wp-content\/uploads\/2025\/11\/Clima-768x459.jpg 768w, https:\/\/sulsc.com\/wp-content\/uploads\/2025\/11\/Clima.jpg 1170w\" sizes=\"(max-width: 300px) 100vw, 300px\" \/><\/div>\n\t\t<\/a>\n\t\t\t\t<div class=\"elementor-post__text\">\n\t\t\t\t<h3 class=\"elementor-post__title\">\n\t\t\t<a href=\"https:\/\/sulsc.com\/index.php\/2025\/11\/12\/cientista-alerta-para-risco-de-aquecimento-global-por-longo-tempo\/\" >\n\t\t\t\tCientista alerta para risco de aquecimento global por longo tempo\t\t\t<\/a>\n\t\t<\/h3>\n\t\t\t\t<\/div>\n\t\t\t\t<\/article>\n\t\t\t\t<\/div>\n\t\t\n\t\t\t\t\t\t<\/div>\n\t\t\t\t<\/div>\n\t\t\t\t<div class=\"elementor-element elementor-element-d2a7a62 elementor-widget elementor-widget-heading\" data-id=\"d2a7a62\" data-element_type=\"widget\" data-widget_type=\"heading.default\">\n\t\t\t\t<div class=\"elementor-widget-container\">\n\t\t\t\t\t<h2 class=\"elementor-heading-title elementor-size-default\">AGRO SC<\/h2>\t\t\t\t<\/div>\n\t\t\t\t<\/div>\n\t\t\t\t<div class=\"elementor-element elementor-element-59c69b1 elementor-grid-3 elementor-grid-tablet-2 elementor-grid-mobile-1 elementor-posts--thumbnail-top elementor-widget elementor-widget-posts\" data-id=\"59c69b1\" data-element_type=\"widget\" data-settings=\"{&quot;classic_columns&quot;:&quot;3&quot;,&quot;classic_columns_tablet&quot;:&quot;2&quot;,&quot;classic_columns_mobile&quot;:&quot;1&quot;,&quot;classic_row_gap&quot;:{&quot;unit&quot;:&quot;px&quot;,&quot;size&quot;:35,&quot;sizes&quot;:[]},&quot;classic_row_gap_tablet&quot;:{&quot;unit&quot;:&quot;px&quot;,&quot;size&quot;:&quot;&quot;,&quot;sizes&quot;:[]},&quot;classic_row_gap_mobile&quot;:{&quot;unit&quot;:&quot;px&quot;,&quot;size&quot;:&quot;&quot;,&quot;sizes&quot;:[]}}\" data-widget_type=\"posts.classic\">\n\t\t\t\t<div class=\"elementor-widget-container\">\n\t\t\t\t\t\t\t<div class=\"elementor-posts-container elementor-posts elementor-posts--skin-classic elementor-grid\">\n\t\t\t\t<article class=\"elementor-post elementor-grid-item post-32787 post type-post status-publish format-standard has-post-thumbnail hentry category-agro-sc category-geral category-sc category-ultimas tag-pesca-da-tainha-2026\">\n\t\t\t\t<a class=\"elementor-post__thumbnail__link\" href=\"https:\/\/sulsc.com\/index.php\/2026\/03\/04\/publicada-a-nova-portaria-que-estabelece-as-regras-da-pesca-da-tainha-para-2026\/\" >\n\t\t\t<div class=\"elementor-post__thumbnail\"><img loading=\"lazy\" decoding=\"async\" width=\"300\" height=\"200\" src=\"https:\/\/sulsc.com\/wp-content\/uploads\/2026\/03\/52988883487_77f8f3b9fb_c-300x200.jpg\" class=\"attachment-medium size-medium wp-image-32788\" alt=\"\" srcset=\"https:\/\/sulsc.com\/wp-content\/uploads\/2026\/03\/52988883487_77f8f3b9fb_c-300x200.jpg 300w, https:\/\/sulsc.com\/wp-content\/uploads\/2026\/03\/52988883487_77f8f3b9fb_c-768x513.jpg 768w, https:\/\/sulsc.com\/wp-content\/uploads\/2026\/03\/52988883487_77f8f3b9fb_c.jpg 800w\" sizes=\"(max-width: 300px) 100vw, 300px\" \/><\/div>\n\t\t<\/a>\n\t\t\t\t<div class=\"elementor-post__text\">\n\t\t\t\t<h3 class=\"elementor-post__title\">\n\t\t\t<a href=\"https:\/\/sulsc.com\/index.php\/2026\/03\/04\/publicada-a-nova-portaria-que-estabelece-as-regras-da-pesca-da-tainha-para-2026\/\" >\n\t\t\t\tPublicada a nova portaria que estabelece as regras da pesca da tainha para 2026\t\t\t<\/a>\n\t\t<\/h3>\n\t\t\t\t<\/div>\n\t\t\t\t<\/article>\n\t\t\t\t<article class=\"elementor-post elementor-grid-item post-31397 post type-post status-publish format-standard has-post-thumbnail hentry category-agro-sc category-geral category-nacional category-sc category-ultimas tag-pesca-da-tainha-2026\">\n\t\t\t\t<a class=\"elementor-post__thumbnail__link\" href=\"https:\/\/sulsc.com\/index.php\/2026\/01\/09\/mpa-abre-edital-para-autorizacao-de-pesca-especial-temporaria-da-tainha-em-2026\/\" >\n\t\t\t<div class=\"elementor-post__thumbnail\"><img loading=\"lazy\" decoding=\"async\" width=\"300\" height=\"200\" src=\"https:\/\/sulsc.com\/wp-content\/uploads\/2026\/01\/dfdd875b-26d0-493f-ab31-8910e989787a-300x200.jpeg\" class=\"attachment-medium size-medium wp-image-31398\" alt=\"\" srcset=\"https:\/\/sulsc.com\/wp-content\/uploads\/2026\/01\/dfdd875b-26d0-493f-ab31-8910e989787a-300x200.jpeg 300w, https:\/\/sulsc.com\/wp-content\/uploads\/2026\/01\/dfdd875b-26d0-493f-ab31-8910e989787a.jpeg 679w\" sizes=\"(max-width: 300px) 100vw, 300px\" \/><\/div>\n\t\t<\/a>\n\t\t\t\t<div class=\"elementor-post__text\">\n\t\t\t\t<h3 class=\"elementor-post__title\">\n\t\t\t<a href=\"https:\/\/sulsc.com\/index.php\/2026\/01\/09\/mpa-abre-edital-para-autorizacao-de-pesca-especial-temporaria-da-tainha-em-2026\/\" >\n\t\t\t\tMPA Abre edital para autoriza\u00e7\u00e3o de pesca especial Tempor\u00e1ria da Tainha em 2026\t\t\t<\/a>\n\t\t<\/h3>\n\t\t\t\t<\/div>\n\t\t\t\t<\/article>\n\t\t\t\t<article class=\"elementor-post elementor-grid-item post-28557 post type-post status-publish format-standard has-post-thumbnail hentry category-agro-sc category-sc category-ultimas tag-agro-sc tag-agronegocio tag-recorde\">\n\t\t\t\t<a class=\"elementor-post__thumbnail__link\" href=\"https:\/\/sulsc.com\/index.php\/2025\/10\/20\/agronegocio-bate-recordes-em-santa-catarina\/\" >\n\t\t\t<div class=\"elementor-post__thumbnail\"><img loading=\"lazy\" decoding=\"async\" width=\"300\" height=\"225\" src=\"https:\/\/sulsc.com\/wp-content\/uploads\/2025\/10\/maricultura-1-300x225.jpg\" class=\"attachment-medium size-medium wp-image-28558\" alt=\"\" srcset=\"https:\/\/sulsc.com\/wp-content\/uploads\/2025\/10\/maricultura-1-300x225.jpg 300w, https:\/\/sulsc.com\/wp-content\/uploads\/2025\/10\/maricultura-1.jpg 640w\" sizes=\"(max-width: 300px) 100vw, 300px\" \/><\/div>\n\t\t<\/a>\n\t\t\t\t<div class=\"elementor-post__text\">\n\t\t\t\t<h3 class=\"elementor-post__title\">\n\t\t\t<a href=\"https:\/\/sulsc.com\/index.php\/2025\/10\/20\/agronegocio-bate-recordes-em-santa-catarina\/\" >\n\t\t\t\tAgroneg\u00f3cio bate recordes em Santa Catarina\t\t\t<\/a>\n\t\t<\/h3>\n\t\t\t\t<\/div>\n\t\t\t\t<\/article>\n\t\t\t\t<\/div>\n\t\t\n\t\t\t\t\t\t<\/div>\n\t\t\t\t<\/div>\n\t\t\t\t<div class=\"elementor-element elementor-element-bcc570b elementor-widget elementor-widget-heading\" data-id=\"bcc570b\" data-element_type=\"widget\" data-widget_type=\"heading.default\">\n\t\t\t\t<div class=\"elementor-widget-container\">\n\t\t\t\t\t<h2 class=\"elementor-heading-title elementor-size-default\">MUNDO<\/h2>\t\t\t\t<\/div>\n\t\t\t\t<\/div>\n\t\t\t\t<div class=\"elementor-element elementor-element-5bc78a1 elementor-grid-3 elementor-grid-tablet-2 elementor-grid-mobile-1 elementor-posts--thumbnail-top elementor-widget elementor-widget-posts\" data-id=\"5bc78a1\" data-element_type=\"widget\" data-settings=\"{&quot;classic_columns&quot;:&quot;3&quot;,&quot;classic_columns_tablet&quot;:&quot;2&quot;,&quot;classic_columns_mobile&quot;:&quot;1&quot;,&quot;classic_row_gap&quot;:{&quot;unit&quot;:&quot;px&quot;,&quot;size&quot;:35,&quot;sizes&quot;:[]},&quot;classic_row_gap_tablet&quot;:{&quot;unit&quot;:&quot;px&quot;,&quot;size&quot;:&quot;&quot;,&quot;sizes&quot;:[]},&quot;classic_row_gap_mobile&quot;:{&quot;unit&quot;:&quot;px&quot;,&quot;size&quot;:&quot;&quot;,&quot;sizes&quot;:[]}}\" data-widget_type=\"posts.classic\">\n\t\t\t\t<div class=\"elementor-widget-container\">\n\t\t\t\t\t\t\t<div class=\"elementor-posts-container elementor-posts elementor-posts--skin-classic elementor-grid\">\n\t\t\t\t<article class=\"elementor-post elementor-grid-item post-33657 post type-post status-publish format-standard has-post-thumbnail hentry category-geral category-mundo category-seguranca category-ultimas tag-mundo\">\n\t\t\t\t<a class=\"elementor-post__thumbnail__link\" href=\"https:\/\/sulsc.com\/index.php\/2026\/04\/28\/vinte-e-dois-monges-budistas-sao-presos-em-voo-vindo-da-tailandia-com-110-kg-de-drogas\/\" >\n\t\t\t<div class=\"elementor-post__thumbnail\"><img loading=\"lazy\" decoding=\"async\" width=\"300\" height=\"200\" src=\"https:\/\/sulsc.com\/wp-content\/uploads\/2026\/04\/bc53640c-dbd3-4d3a-876b-7ab67cdafac3-300x200.jpg\" class=\"attachment-medium size-medium wp-image-33659\" alt=\"\" srcset=\"https:\/\/sulsc.com\/wp-content\/uploads\/2026\/04\/bc53640c-dbd3-4d3a-876b-7ab67cdafac3-300x200.jpg 300w, https:\/\/sulsc.com\/wp-content\/uploads\/2026\/04\/bc53640c-dbd3-4d3a-876b-7ab67cdafac3-768x512.jpg 768w, https:\/\/sulsc.com\/wp-content\/uploads\/2026\/04\/bc53640c-dbd3-4d3a-876b-7ab67cdafac3.jpg 1000w\" sizes=\"(max-width: 300px) 100vw, 300px\" \/><\/div>\n\t\t<\/a>\n\t\t\t\t<div class=\"elementor-post__text\">\n\t\t\t\t<h3 class=\"elementor-post__title\">\n\t\t\t<a href=\"https:\/\/sulsc.com\/index.php\/2026\/04\/28\/vinte-e-dois-monges-budistas-sao-presos-em-voo-vindo-da-tailandia-com-110-kg-de-drogas\/\" >\n\t\t\t\tVinte e dois monges budistas s\u00e3o presos em voo vindo da Tail\u00e2ndia com 110 kg de drogas\t\t\t<\/a>\n\t\t<\/h3>\n\t\t\t\t<\/div>\n\t\t\t\t<\/article>\n\t\t\t\t<article class=\"elementor-post elementor-grid-item post-33621 post type-post status-publish format-standard has-post-thumbnail hentry category-geral category-mundo category-seguranca category-ultimas tag-mundo\">\n\t\t\t\t<a class=\"elementor-post__thumbnail__link\" href=\"https:\/\/sulsc.com\/index.php\/2026\/04\/26\/autoridades-dos-eua-identificam-autor-de-atentado-contra-trump\/\" >\n\t\t\t<div class=\"elementor-post__thumbnail\"><img loading=\"lazy\" decoding=\"async\" width=\"300\" height=\"225\" src=\"https:\/\/sulsc.com\/wp-content\/uploads\/2026\/04\/f6865641-9724-4d0d-95f6-f27fac968849-300x225.jpg\" class=\"attachment-medium size-medium wp-image-33622\" alt=\"\" srcset=\"https:\/\/sulsc.com\/wp-content\/uploads\/2026\/04\/f6865641-9724-4d0d-95f6-f27fac968849-300x225.jpg 300w, https:\/\/sulsc.com\/wp-content\/uploads\/2026\/04\/f6865641-9724-4d0d-95f6-f27fac968849.jpg 419w\" sizes=\"(max-width: 300px) 100vw, 300px\" \/><\/div>\n\t\t<\/a>\n\t\t\t\t<div class=\"elementor-post__text\">\n\t\t\t\t<h3 class=\"elementor-post__title\">\n\t\t\t<a href=\"https:\/\/sulsc.com\/index.php\/2026\/04\/26\/autoridades-dos-eua-identificam-autor-de-atentado-contra-trump\/\" >\n\t\t\t\tAutoridades dos EUA identificam autor de atentado contra Trump\t\t\t<\/a>\n\t\t<\/h3>\n\t\t\t\t<\/div>\n\t\t\t\t<\/article>\n\t\t\t\t<article class=\"elementor-post elementor-grid-item post-33612 post type-post status-publish format-standard has-post-thumbnail hentry category-geral category-mundo category-politica category-ultimas tag-mundo\">\n\t\t\t\t<a class=\"elementor-post__thumbnail__link\" href=\"https:\/\/sulsc.com\/index.php\/2026\/04\/26\/homem-atira-durante-jantar-de-trump-com-correspondentes-em-washington\/\" >\n\t\t\t<div class=\"elementor-post__thumbnail\"><img loading=\"lazy\" decoding=\"async\" width=\"300\" height=\"179\" src=\"https:\/\/sulsc.com\/wp-content\/uploads\/2026\/04\/trump-300x179.webp\" class=\"attachment-medium size-medium wp-image-33613\" alt=\"\" srcset=\"https:\/\/sulsc.com\/wp-content\/uploads\/2026\/04\/trump-300x179.webp 300w, https:\/\/sulsc.com\/wp-content\/uploads\/2026\/04\/trump-1024x613.webp 1024w, https:\/\/sulsc.com\/wp-content\/uploads\/2026\/04\/trump-768x459.webp 768w, https:\/\/sulsc.com\/wp-content\/uploads\/2026\/04\/trump.webp 1170w\" sizes=\"(max-width: 300px) 100vw, 300px\" \/><\/div>\n\t\t<\/a>\n\t\t\t\t<div class=\"elementor-post__text\">\n\t\t\t\t<h3 class=\"elementor-post__title\">\n\t\t\t<a href=\"https:\/\/sulsc.com\/index.php\/2026\/04\/26\/homem-atira-durante-jantar-de-trump-com-correspondentes-em-washington\/\" >\n\t\t\t\tHomem atira durante jantar de Trump com correspondentes em Washington\t\t\t<\/a>\n\t\t<\/h3>\n\t\t\t\t<\/div>\n\t\t\t\t<\/article>\n\t\t\t\t<\/div>\n\t\t\n\t\t\t\t\t\t<\/div>\n\t\t\t\t<\/div>\n\t\t\t\t<div class=\"elementor-element elementor-element-f41f06f elementor-widget elementor-widget-heading\" data-id=\"f41f06f\" data-element_type=\"widget\" data-widget_type=\"heading.default\">\n\t\t\t\t<div class=\"elementor-widget-container\">\n\t\t\t\t\t<h2 class=\"elementor-heading-title elementor-size-default\">NACIONAL<\/h2>\t\t\t\t<\/div>\n\t\t\t\t<\/div>\n\t\t\t\t<div class=\"elementor-element elementor-element-a175a2a elementor-grid-3 elementor-grid-tablet-2 elementor-grid-mobile-1 elementor-posts--thumbnail-top elementor-widget elementor-widget-posts\" data-id=\"a175a2a\" data-element_type=\"widget\" data-settings=\"{&quot;classic_columns&quot;:&quot;3&quot;,&quot;classic_columns_tablet&quot;:&quot;2&quot;,&quot;classic_columns_mobile&quot;:&quot;1&quot;,&quot;classic_row_gap&quot;:{&quot;unit&quot;:&quot;px&quot;,&quot;size&quot;:35,&quot;sizes&quot;:[]},&quot;classic_row_gap_tablet&quot;:{&quot;unit&quot;:&quot;px&quot;,&quot;size&quot;:&quot;&quot;,&quot;sizes&quot;:[]},&quot;classic_row_gap_mobile&quot;:{&quot;unit&quot;:&quot;px&quot;,&quot;size&quot;:&quot;&quot;,&quot;sizes&quot;:[]}}\" data-widget_type=\"posts.classic\">\n\t\t\t\t<div class=\"elementor-widget-container\">\n\t\t\t\t\t\t\t<div class=\"elementor-posts-container elementor-posts elementor-posts--skin-classic elementor-grid\">\n\t\t\t\t<article class=\"elementor-post elementor-grid-item post-33635 post type-post status-publish format-standard has-post-thumbnail hentry category-geral category-nacional category-saude category-ultimas tag-saude-anvisa\">\n\t\t\t\t<a class=\"elementor-post__thumbnail__link\" href=\"https:\/\/sulsc.com\/index.php\/2026\/04\/27\/xaropes-com-clobutinol-tem-venda-suspensa-pela-anvisa\/\" >\n\t\t\t<div class=\"elementor-post__thumbnail\"><img loading=\"lazy\" decoding=\"async\" width=\"300\" height=\"200\" src=\"https:\/\/sulsc.com\/wp-content\/uploads\/2026\/04\/0818e056-bb27-4e06-a859-cff2128f6e8b-300x200.jpg\" class=\"attachment-medium size-medium wp-image-33636\" alt=\"\" srcset=\"https:\/\/sulsc.com\/wp-content\/uploads\/2026\/04\/0818e056-bb27-4e06-a859-cff2128f6e8b-300x200.jpg 300w, https:\/\/sulsc.com\/wp-content\/uploads\/2026\/04\/0818e056-bb27-4e06-a859-cff2128f6e8b.jpg 419w\" sizes=\"(max-width: 300px) 100vw, 300px\" \/><\/div>\n\t\t<\/a>\n\t\t\t\t<div class=\"elementor-post__text\">\n\t\t\t\t<h3 class=\"elementor-post__title\">\n\t\t\t<a href=\"https:\/\/sulsc.com\/index.php\/2026\/04\/27\/xaropes-com-clobutinol-tem-venda-suspensa-pela-anvisa\/\" >\n\t\t\t\tXaropes com clobutinol tem venda suspensa pela ANVISA\t\t\t<\/a>\n\t\t<\/h3>\n\t\t\t\t<\/div>\n\t\t\t\t<\/article>\n\t\t\t\t<article class=\"elementor-post elementor-grid-item post-33632 post type-post status-publish format-standard has-post-thumbnail hentry category-geral category-nacional category-ultimas tag-justica\">\n\t\t\t\t<a class=\"elementor-post__thumbnail__link\" href=\"https:\/\/sulsc.com\/index.php\/2026\/04\/27\/demissao-via-whatsapp-esta-liberada-no-brasil-e-funcionario-nao-tem-direito-a-dano-moral\/\" >\n\t\t\t<div class=\"elementor-post__thumbnail\"><img loading=\"lazy\" decoding=\"async\" width=\"300\" height=\"270\" src=\"https:\/\/sulsc.com\/wp-content\/uploads\/2026\/04\/1cbbf1ce-497c-4198-9c72-5d4561a25b44-300x270.jpg\" class=\"attachment-medium size-medium wp-image-33633\" alt=\"\" srcset=\"https:\/\/sulsc.com\/wp-content\/uploads\/2026\/04\/1cbbf1ce-497c-4198-9c72-5d4561a25b44-300x270.jpg 300w, https:\/\/sulsc.com\/wp-content\/uploads\/2026\/04\/1cbbf1ce-497c-4198-9c72-5d4561a25b44-1024x921.jpg 1024w, https:\/\/sulsc.com\/wp-content\/uploads\/2026\/04\/1cbbf1ce-497c-4198-9c72-5d4561a25b44-768x690.jpg 768w, https:\/\/sulsc.com\/wp-content\/uploads\/2026\/04\/1cbbf1ce-497c-4198-9c72-5d4561a25b44.jpg 1080w\" sizes=\"(max-width: 300px) 100vw, 300px\" \/><\/div>\n\t\t<\/a>\n\t\t\t\t<div class=\"elementor-post__text\">\n\t\t\t\t<h3 class=\"elementor-post__title\">\n\t\t\t<a href=\"https:\/\/sulsc.com\/index.php\/2026\/04\/27\/demissao-via-whatsapp-esta-liberada-no-brasil-e-funcionario-nao-tem-direito-a-dano-moral\/\" >\n\t\t\t\tDemiss\u00e3o via Whatsapp est\u00e1 liberada no Brasil e funcion\u00e1rio n\u00e3o tem direito a dano moral\t\t\t<\/a>\n\t\t<\/h3>\n\t\t\t\t<\/div>\n\t\t\t\t<\/article>\n\t\t\t\t<article class=\"elementor-post elementor-grid-item post-33618 post type-post status-publish format-standard has-post-thumbnail hentry category-geral category-nacional category-saude category-ultimas tag-saude-anvisa\">\n\t\t\t\t<a class=\"elementor-post__thumbnail__link\" href=\"https:\/\/sulsc.com\/index.php\/2026\/04\/26\/saude-canetas-emagrecedoras-entenda-quando-o-uso-pode-fazer-mal-a-saude\/\" >\n\t\t\t<div class=\"elementor-post__thumbnail\"><img loading=\"lazy\" decoding=\"async\" width=\"300\" height=\"200\" src=\"https:\/\/sulsc.com\/wp-content\/uploads\/2026\/04\/bb452ddf-e604-43a4-a14c-d718f15a0691-300x200.jpg\" class=\"attachment-medium size-medium wp-image-33619\" alt=\"\" srcset=\"https:\/\/sulsc.com\/wp-content\/uploads\/2026\/04\/bb452ddf-e604-43a4-a14c-d718f15a0691-300x200.jpg 300w, https:\/\/sulsc.com\/wp-content\/uploads\/2026\/04\/bb452ddf-e604-43a4-a14c-d718f15a0691-1024x683.jpg 1024w, https:\/\/sulsc.com\/wp-content\/uploads\/2026\/04\/bb452ddf-e604-43a4-a14c-d718f15a0691-768x512.jpg 768w, https:\/\/sulsc.com\/wp-content\/uploads\/2026\/04\/bb452ddf-e604-43a4-a14c-d718f15a0691.jpg 1200w\" sizes=\"(max-width: 300px) 100vw, 300px\" \/><\/div>\n\t\t<\/a>\n\t\t\t\t<div class=\"elementor-post__text\">\n\t\t\t\t<h3 class=\"elementor-post__title\">\n\t\t\t<a href=\"https:\/\/sulsc.com\/index.php\/2026\/04\/26\/saude-canetas-emagrecedoras-entenda-quando-o-uso-pode-fazer-mal-a-saude\/\" >\n\t\t\t\tSa\u00fade: Canetas emagrecedoras entenda quando o uso pode fazer mal \u00e0 sa\u00fade\t\t\t<\/a>\n\t\t<\/h3>\n\t\t\t\t<\/div>\n\t\t\t\t<\/article>\n\t\t\t\t<\/div>\n\t\t\n\t\t\t\t\t\t<\/div>\n\t\t\t\t<\/div>\n\t\t\t\t\t<\/div>\n\t\t<\/div>\n\t\t\t\t<div class=\"elementor-column elementor-col-33 elementor-top-column elementor-element elementor-element-758c80c\" data-id=\"758c80c\" data-element_type=\"column\">\n\t\t\t<div class=\"elementor-widget-wrap elementor-element-populated\">\n\t\t\t\t\t\t<div class=\"elementor-element elementor-element-33eb803 elementor-widget elementor-widget-html\" data-id=\"33eb803\" data-element_type=\"widget\" data-widget_type=\"html.default\">\n\t\t\t\t<div class=\"elementor-widget-container\">\n\t\t\t\t\t <iframe src=\"https:\/\/sulsc.com\/bolsa2.html\" width=\"400\" height=\"380\" frameborder=\"0\" scrolling=\"no\" style=\"border: none;\"><\/iframe>\t\t\t\t<\/div>\n\t\t\t\t<\/div>\n\t\t\t\t<div class=\"elementor-element elementor-element-14c1df9 elementor-widget elementor-widget-heading\" data-id=\"14c1df9\" data-element_type=\"widget\" data-widget_type=\"heading.default\">\n\t\t\t\t<div class=\"elementor-widget-container\">\n\t\t\t\t\t<h2 class=\"elementor-heading-title elementor-size-default\">IMPRESSA<\/h2>\t\t\t\t<\/div>\n\t\t\t\t<\/div>\n\t\t\t\t<div class=\"elementor-element elementor-element-ad6db65 elementor-widget elementor-widget-image\" data-id=\"ad6db65\" data-element_type=\"widget\" data-widget_type=\"image.default\">\n\t\t\t\t<div class=\"elementor-widget-container\">\n\t\t\t\t\t\t\t\t\t\t\t\t\t\t\t\t<a href=\"https:\/\/sulsc.com\/index.php\/category\/versao-impressa\/\">\n\t\t\t\t\t\t\t<img loading=\"lazy\" decoding=\"async\" width=\"400\" height=\"316\" src=\"https:\/\/sulsc.com\/wp-content\/uploads\/2023\/08\/VERSAO-IMPRESSA-1.png\" class=\"attachment-large size-large wp-image-652\" alt=\"\" srcset=\"https:\/\/sulsc.com\/wp-content\/uploads\/2023\/08\/VERSAO-IMPRESSA-1.png 400w, https:\/\/sulsc.com\/wp-content\/uploads\/2023\/08\/VERSAO-IMPRESSA-1-300x237.png 300w\" sizes=\"(max-width: 400px) 100vw, 400px\" \/>\t\t\t\t\t\t\t\t<\/a>\n\t\t\t\t\t\t\t\t\t\t\t\t\t\t\t<\/div>\n\t\t\t\t<\/div>\n\t\t\t\t<div class=\"elementor-element elementor-element-5547710 elementor-widget elementor-widget-heading\" data-id=\"5547710\" data-element_type=\"widget\" data-widget_type=\"heading.default\">\n\t\t\t\t<div class=\"elementor-widget-container\">\n\t\t\t\t\t<h2 class=\"elementor-heading-title elementor-size-default\">PODCAST<\/h2>\t\t\t\t<\/div>\n\t\t\t\t<\/div>\n\t\t\t\t<div class=\"elementor-element elementor-element-681946d elementor-widget elementor-widget-shortcode\" data-id=\"681946d\" data-element_type=\"widget\" data-widget_type=\"shortcode.default\">\n\t\t\t\t<div class=\"elementor-widget-container\">\n\t\t\t\t\t\t\t<div class=\"elementor-shortcode\"><div id=\"metaslider-id-25565\" style=\"width: 100%;\" class=\"ml-slider-3-99-0 metaslider metaslider-flex metaslider-25565 ml-slider has-onhover-arrows ms-theme-default-base has-dots-nav\" role=\"region\" aria-label=\"Lateral\" data-width=\"360\">\n    <div id=\"metaslider_container_25565\">\n        <div id=\"metaslider_25565\">\n            <ul class='slides'>\n                <li style=\"display: block; width: 100%;\" class=\"slide-27777 ms-image \" aria-roledescription=\"slide\" data-date=\"2025-09-30 10:25:44\"><img loading=\"lazy\" decoding=\"async\" src=\"https:\/\/sulsc.com\/wp-content\/uploads\/2025\/09\/a41141d3-47d4-40ac-a5fc-7a8bdd7c1d21-1.jpg\" height=\"360\" width=\"360\" alt=\"\" class=\"slider-25565 slide-27777 msDefaultImage\" title=\"a41141d3-47d4-40ac-a5fc-7a8bdd7c1d21\" \/><\/li>\n                <li style=\"display: none; width: 100%;\" class=\"slide-27779 ms-image \" aria-roledescription=\"slide\" data-date=\"2025-09-30 10:30:55\"><img loading=\"lazy\" decoding=\"async\" src=\"https:\/\/sulsc.com\/wp-content\/uploads\/2025\/09\/2757e88c-0fa4-4468-93c4-00ac345f5a03-1.jpg\" height=\"360\" width=\"360\" alt=\"\" class=\"slider-25565 slide-27779 msDefaultImage\" title=\"2757e88c-0fa4-4468-93c4-00ac345f5a03\" \/><\/li>\n            <\/ul>\n        <\/div>\n        \n    <\/div>\n<\/div><\/div>\n\t\t\t\t\t\t<\/div>\n\t\t\t\t<\/div>\n\t\t\t\t<div class=\"elementor-element elementor-element-b63fa58 elementor-widget elementor-widget-heading\" data-id=\"b63fa58\" data-element_type=\"widget\" data-widget_type=\"heading.default\">\n\t\t\t\t<div class=\"elementor-widget-container\">\n\t\t\t\t\t<h2 class=\"elementor-heading-title elementor-size-default\">COLUNISTAS<\/h2>\t\t\t\t<\/div>\n\t\t\t\t<\/div>\n\t\t\t\t<div class=\"elementor-element elementor-element-0db7055 elementor-widget elementor-widget-shortcode\" data-id=\"0db7055\" data-element_type=\"widget\" data-widget_type=\"shortcode.default\">\n\t\t\t\t<div class=\"elementor-widget-container\">\n\t\t\t\t\t\t\t<div class=\"elementor-shortcode\"><\/div>\n\t\t\t\t\t\t<\/div>\n\t\t\t\t<\/div>\n\t\t\t\t\t<\/div>\n\t\t<\/div>\n\t\t\t\t\t<\/div>\n\t\t<\/section>\n\t\t\t\t<section class=\"elementor-section elementor-top-section elementor-element elementor-element-70abe8d elementor-section-boxed elementor-section-height-default elementor-section-height-default\" data-id=\"70abe8d\" data-element_type=\"section\">\n\t\t\t\t\t\t<div class=\"elementor-container elementor-column-gap-default\">\n\t\t\t\t\t<div class=\"elementor-column elementor-col-100 elementor-top-column elementor-element elementor-element-8a01a9e\" data-id=\"8a01a9e\" data-element_type=\"column\">\n\t\t\t<div class=\"elementor-widget-wrap elementor-element-populated\">\n\t\t\t\t\t\t<div class=\"elementor-element elementor-element-43f7d68 elementor-widget elementor-widget-shortcode\" data-id=\"43f7d68\" data-element_type=\"widget\" data-widget_type=\"shortcode.default\">\n\t\t\t\t<div class=\"elementor-widget-container\">\n\t\t\t\t\t\t\t<div class=\"elementor-shortcode\"><div id=\"metaslider-id-25560\" style=\"width: 100%;\" class=\"ml-slider-3-99-0 metaslider metaslider-flex metaslider-25560 ml-slider has-onhover-arrows ms-theme-default-base has-dots-nav\" role=\"region\" aria-label=\"Rodape\" data-width=\"1200\">\n    <div id=\"metaslider_container_25560\">\n        <div id=\"metaslider_25560\">\n            <ul class='slides'>\n                <li style=\"display: block; width: 100%;\" class=\"slide-25599 ms-image \" aria-roledescription=\"slide\" data-date=\"2025-07-20 22:06:19\"><img loading=\"lazy\" decoding=\"async\" src=\"https:\/\/sulsc.com\/wp-content\/uploads\/2025\/07\/banner-calpe-1080x180.jpg\" height=\"200\" width=\"1200\" alt=\"\" class=\"slider-25560 slide-25599 msDefaultImage\" title=\"banner calpe\" \/><\/li>\n                <li style=\"display: none; width: 100%;\" class=\"slide-25705 ms-image \" aria-roledescription=\"slide\" data-date=\"2025-07-24 15:31:02\"><img loading=\"lazy\" decoding=\"async\" src=\"https:\/\/sulsc.com\/wp-content\/uploads\/2025\/07\/a-39-1080x180.jpg\" height=\"200\" width=\"1200\" alt=\"\" class=\"slider-25560 slide-25705 msDefaultImage\" title=\"a\" \/><\/li>\n            <\/ul>\n        <\/div>\n        \n    <\/div>\n<\/div><\/div>\n\t\t\t\t\t\t<\/div>\n\t\t\t\t<\/div>\n\t\t\t\t\t<\/div>\n\t\t<\/div>\n\t\t\t\t\t<\/div>\n\t\t<\/section>\n\t\t\t\t<\/div>\n\t\t","protected":false},"excerpt":{"rendered":"<p>\u00daLTIMAS NOT\u00cdCIAS\u200b 14\u00aa Festa da Tainha de Jaguaruna une tradi\u00e7\u00e3o lazer e a\u00e7\u00e3o social Casa Noturna \u00e9 Interditada em Pescaria Brava por Irregularidades Sanit\u00e1rias e<\/p>\n","protected":false},"author":3,"featured_media":0,"parent":0,"menu_order":0,"comment_status":"closed","ping_status":"closed","template":"","meta":{"site-sidebar-layout":"no-sidebar","site-content-layout":"page-builder","ast-site-content-layout":"","site-content-style":"default","site-sidebar-style":"default","ast-global-header-display":"","ast-banner-title-visibility":"","ast-main-header-display":"","ast-hfb-above-header-display":"","ast-hfb-below-header-display":"","ast-hfb-mobile-header-display":"","site-post-title":"disabled","ast-breadcrumbs-content":"","ast-featured-img":"disabled","footer-sml-layout":"","theme-transparent-header-meta":"","adv-header-id-meta":"","stick-header-meta":"","header-above-stick-meta":"","header-main-stick-meta":"","header-below-stick-meta":"","astra-migrate-meta-layouts":"","footnotes":""},"yoast_head":"<!-- This site is optimized with the Yoast SEO plugin v21.4 - https:\/\/yoast.com\/wordpress\/plugins\/seo\/ -->\n<title>In\u00edcio -<\/title>\n<meta name=\"robots\" content=\"index, follow, max-snippet:-1, max-image-preview:large, max-video-preview:-1\" \/>\n<link rel=\"canonical\" href=\"https:\/\/sulsc.com\/\" \/>\n<meta property=\"og:locale\" content=\"en_US\" \/>\n<meta property=\"og:type\" content=\"article\" \/>\n<meta property=\"og:title\" content=\"In\u00edcio -\" \/>\n<meta property=\"og:description\" content=\"\u00daLTIMAS NOT\u00cdCIAS\u200b 14\u00aa Festa da Tainha de Jaguaruna une tradi\u00e7\u00e3o lazer e a\u00e7\u00e3o social Casa Noturna \u00e9 Interditada em Pescaria Brava por Irregularidades Sanit\u00e1rias e\" \/>\n<meta property=\"og:url\" content=\"https:\/\/sulsc.com\/\" \/>\n<meta property=\"article:modified_time\" content=\"2025-07-20T19:01:28+00:00\" \/>\n<meta property=\"og:image\" content=\"http:\/\/sulsc.com\/wp-content\/uploads\/2025\/07\/a-23-768x835.jpg\" \/>\n<meta name=\"twitter:card\" content=\"summary_large_image\" \/>\n<meta name=\"twitter:label1\" content=\"Est. reading time\" \/>\n\t<meta name=\"twitter:data1\" content=\"14 minutes\" \/>\n<script type=\"application\/ld+json\" class=\"yoast-schema-graph\">{\"@context\":\"https:\/\/schema.org\",\"@graph\":[{\"@type\":\"WebPage\",\"@id\":\"https:\/\/sulsc.com\/\",\"url\":\"https:\/\/sulsc.com\/\",\"name\":\"In\u00edcio -\",\"isPartOf\":{\"@id\":\"https:\/\/sulsc.com\/#website\"},\"datePublished\":\"2023-08-07T15:46:02+00:00\",\"dateModified\":\"2025-07-20T19:01:28+00:00\",\"breadcrumb\":{\"@id\":\"https:\/\/sulsc.com\/#breadcrumb\"},\"inLanguage\":\"en-US\",\"potentialAction\":[{\"@type\":\"ReadAction\",\"target\":[\"https:\/\/sulsc.com\/\"]}]},{\"@type\":\"BreadcrumbList\",\"@id\":\"https:\/\/sulsc.com\/#breadcrumb\",\"itemListElement\":[{\"@type\":\"ListItem\",\"position\":1,\"name\":\"In\u00edcio\",\"item\":\"https:\/\/sulsc.com\/\"},{\"@type\":\"ListItem\",\"position\":2,\"name\":\"In\u00edcio\"}]},{\"@type\":\"WebSite\",\"@id\":\"https:\/\/sulsc.com\/#website\",\"url\":\"https:\/\/sulsc.com\/\",\"name\":\"\",\"description\":\"\",\"potentialAction\":[{\"@type\":\"SearchAction\",\"target\":{\"@type\":\"EntryPoint\",\"urlTemplate\":\"https:\/\/sulsc.com\/?s={search_term_string}\"},\"query-input\":\"required name=search_term_string\"}],\"inLanguage\":\"en-US\"}]}<\/script>\n<!-- \/ Yoast SEO plugin. -->","yoast_head_json":{"title":"In\u00edcio -","robots":{"index":"index","follow":"follow","max-snippet":"max-snippet:-1","max-image-preview":"max-image-preview:large","max-video-preview":"max-video-preview:-1"},"canonical":"https:\/\/sulsc.com\/","og_locale":"en_US","og_type":"article","og_title":"In\u00edcio -","og_description":"\u00daLTIMAS NOT\u00cdCIAS\u200b 14\u00aa Festa da Tainha de Jaguaruna une tradi\u00e7\u00e3o lazer e a\u00e7\u00e3o social Casa Noturna \u00e9 Interditada em Pescaria Brava por Irregularidades Sanit\u00e1rias e","og_url":"https:\/\/sulsc.com\/","article_modified_time":"2025-07-20T19:01:28+00:00","og_image":[{"url":"http:\/\/sulsc.com\/wp-content\/uploads\/2025\/07\/a-23-768x835.jpg"}],"twitter_card":"summary_large_image","twitter_misc":{"Est. reading time":"14 minutes"},"schema":{"@context":"https:\/\/schema.org","@graph":[{"@type":"WebPage","@id":"https:\/\/sulsc.com\/","url":"https:\/\/sulsc.com\/","name":"In\u00edcio -","isPartOf":{"@id":"https:\/\/sulsc.com\/#website"},"datePublished":"2023-08-07T15:46:02+00:00","dateModified":"2025-07-20T19:01:28+00:00","breadcrumb":{"@id":"https:\/\/sulsc.com\/#breadcrumb"},"inLanguage":"en-US","potentialAction":[{"@type":"ReadAction","target":["https:\/\/sulsc.com\/"]}]},{"@type":"BreadcrumbList","@id":"https:\/\/sulsc.com\/#breadcrumb","itemListElement":[{"@type":"ListItem","position":1,"name":"In\u00edcio","item":"https:\/\/sulsc.com\/"},{"@type":"ListItem","position":2,"name":"In\u00edcio"}]},{"@type":"WebSite","@id":"https:\/\/sulsc.com\/#website","url":"https:\/\/sulsc.com\/","name":"","description":"","potentialAction":[{"@type":"SearchAction","target":{"@type":"EntryPoint","urlTemplate":"https:\/\/sulsc.com\/?s={search_term_string}"},"query-input":"required name=search_term_string"}],"inLanguage":"en-US"}]}},"_links":{"self":[{"href":"https:\/\/sulsc.com\/index.php\/wp-json\/wp\/v2\/pages\/34"}],"collection":[{"href":"https:\/\/sulsc.com\/index.php\/wp-json\/wp\/v2\/pages"}],"about":[{"href":"https:\/\/sulsc.com\/index.php\/wp-json\/wp\/v2\/types\/page"}],"author":[{"embeddable":true,"href":"https:\/\/sulsc.com\/index.php\/wp-json\/wp\/v2\/users\/3"}],"replies":[{"embeddable":true,"href":"https:\/\/sulsc.com\/index.php\/wp-json\/wp\/v2\/comments?post=34"}],"version-history":[{"count":271,"href":"https:\/\/sulsc.com\/index.php\/wp-json\/wp\/v2\/pages\/34\/revisions"}],"predecessor-version":[{"id":25569,"href":"https:\/\/sulsc.com\/index.php\/wp-json\/wp\/v2\/pages\/34\/revisions\/25569"}],"wp:attachment":[{"href":"https:\/\/sulsc.com\/index.php\/wp-json\/wp\/v2\/media?parent=34"}],"curies":[{"name":"wp","href":"https:\/\/api.w.org\/{rel}","templated":true}]}}