{"id":77,"date":"2023-08-07T13:28:20","date_gmt":"2023-08-07T16:28:20","guid":{"rendered":"https:\/\/sulsc.com\/?page_id=77"},"modified":"2023-08-15T10:37:13","modified_gmt":"2023-08-15T13:37:13","slug":"politica-de-privacidade-2","status":"publish","type":"page","link":"https:\/\/sulsc.com\/index.php\/politica-de-privacidade-2\/","title":{"rendered":"Pol\u00edtica de Privacidade"},"content":{"rendered":"\t\t<div data-elementor-type=\"wp-page\" data-elementor-id=\"77\" class=\"elementor elementor-77\" data-elementor-post-type=\"page\">\n\t\t\t\t\t\t<section class=\"elementor-section elementor-top-section elementor-element elementor-element-f6b464a elementor-section-boxed elementor-section-height-default elementor-section-height-default\" data-id=\"f6b464a\" data-element_type=\"section\">\n\t\t\t\t\t\t<div class=\"elementor-container elementor-column-gap-default\">\n\t\t\t\t\t<div class=\"elementor-column elementor-col-100 elementor-top-column elementor-element elementor-element-9786afd\" data-id=\"9786afd\" data-element_type=\"column\">\n\t\t\t<div class=\"elementor-widget-wrap elementor-element-populated\">\n\t\t\t\t\t\t<div class=\"elementor-element elementor-element-f1357ce elementor-widget elementor-widget-heading\" data-id=\"f1357ce\" data-element_type=\"widget\" data-widget_type=\"heading.default\">\n\t\t\t\t<div class=\"elementor-widget-container\">\n\t\t\t\t\t<h2 class=\"elementor-heading-title elementor-size-default\">POL\u00cdTICA DE PRIVACIDADE<\/h2>\t\t\t\t<\/div>\n\t\t\t\t<\/div>\n\t\t\t\t\t<\/div>\n\t\t<\/div>\n\t\t\t\t\t<\/div>\n\t\t<\/section>\n\t\t\t\t<section class=\"elementor-section elementor-top-section elementor-element elementor-element-ffbebf0 elementor-section-boxed elementor-section-height-default elementor-section-height-default\" data-id=\"ffbebf0\" data-element_type=\"section\">\n\t\t\t\t\t\t<div class=\"elementor-container elementor-column-gap-default\">\n\t\t\t\t\t<div class=\"elementor-column elementor-col-100 elementor-top-column elementor-element elementor-element-84d7041\" data-id=\"84d7041\" data-element_type=\"column\">\n\t\t\t<div class=\"elementor-widget-wrap elementor-element-populated\">\n\t\t\t\t\t\t<div class=\"elementor-element elementor-element-a5c18e9 elementor-widget elementor-widget-text-editor\" data-id=\"a5c18e9\" data-element_type=\"widget\" data-widget_type=\"text-editor.default\">\n\t\t\t\t<div class=\"elementor-widget-container\">\n\t\t\t\t\t\t\t\t\t<p><b>Pol\u00edtica de Privacidade do Jornal SUL SC<\/b><\/p>\n<p>Esta Pol\u00edtica de Privacidade descreve como o Jornal SUL SC (&#8220;n\u00f3s&#8221;, &#8220;nosso&#8221;, ou &#8220;SUL SC&#8221;) coleta, utiliza, protege e divulga as informa\u00e7\u00f5es pessoais dos usu\u00e1rios (&#8220;voc\u00ea&#8221; ou &#8220;seu&#8221;) ao utilizar nosso site e servi\u00e7os. Ao acessar ou utilizar o site do Jornal SUL SC, voc\u00ea concorda com os termos descritos nesta pol\u00edtica.<\/p>\n<p><b>Informa\u00e7\u00f5es Coletadas<\/b><\/p>\n<p>N\u00f3s podemos coletar informa\u00e7\u00f5es pessoais que voc\u00ea fornece voluntariamente ao se inscrever para receber nossos boletins informativos, comentar em nossos artigos, ou interagir com nossas redes sociais. Isso pode incluir seu nome, endere\u00e7o de e-mail, informa\u00e7\u00f5es de contato e outros detalhes que voc\u00ea optar por fornecer.<\/p>\n<p><b>Uso das Informa\u00e7\u00f5es<\/b><\/p>\n<p>As informa\u00e7\u00f5es pessoais coletadas podem ser utilizadas para os seguintes prop\u00f3sitos:<\/p>\n<p>1. Fornecer conte\u00fado relevante e personalizado.<br>2. Enviar boletins informativos e atualiza\u00e7\u00f5es.<br>3. Gerenciar sua participa\u00e7\u00e3o em concursos, pesquisas ou promo\u00e7\u00f5es.<br>4. Melhorar nossos servi\u00e7os, conte\u00fado e experi\u00eancia do usu\u00e1rio.<br>5. Responder \u00e0s suas perguntas e solicita\u00e7\u00f5es.<\/p>\n<p><b>Prote\u00e7\u00e3o e Armazenamento de Dados<\/b><\/p>\n<p>Tomamos medidas de seguran\u00e7a para proteger suas informa\u00e7\u00f5es pessoais contra acesso n\u00e3o autorizado, altera\u00e7\u00e3o, divulga\u00e7\u00e3o ou destrui\u00e7\u00e3o. Utilizamos pr\u00e1ticas de seguran\u00e7a padr\u00e3o do setor para garantir a prote\u00e7\u00e3o dos dados pessoais que voc\u00ea nos fornece.<\/p>\n<p><b>Compartilhamento de Informa\u00e7\u00f5es<\/b><\/p>\n<p>N\u00e3o vendemos, alugamos ou compartilhamos suas informa\u00e7\u00f5es pessoais com terceiros para fins de marketing ou publicidade. Podemos compartilhar informa\u00e7\u00f5es pessoais apenas nas seguintes circunst\u00e2ncias:<\/p>\n<p>1. Com consentimento expl\u00edcito do usu\u00e1rio.<br>2. Com empresas afiliadas ou prestadores de servi\u00e7os que atuam em nosso nome e est\u00e3o vinculados por obriga\u00e7\u00f5es de confidencialidade.<br>3. Quando exigido por lei, regulamento ou processo legal.<\/p>\n<p><b>Cookies e Tecnologias de Rastreamento<\/b><\/p>\n<p>Nosso site pode utilizar cookies e tecnologias similares para melhorar a experi\u00eancia do usu\u00e1rio, analisar tend\u00eancias e administrar o site. Voc\u00ea pode configurar seu navegador para recusar cookies, mas isso pode limitar algumas funcionalidades do site.<\/p>\n<p><b>Links para Sites de Terceiros<\/b><\/p>\n<p>Nosso site pode conter links para sites de terceiros. Esta Pol\u00edtica de Privacidade n\u00e3o se aplica a esses sites, e recomendamos que voc\u00ea revise as pol\u00edticas de privacidade deles antes de fornecer informa\u00e7\u00f5es pessoais.<\/p>\n<p><b>Menores de Idade<\/b><\/p>\n<p>O Jornal SUL SC n\u00e3o coleta intencionalmente informa\u00e7\u00f5es de menores de idade. Se voc\u00ea \u00e9 menor de idade, n\u00e3o forne\u00e7a informa\u00e7\u00f5es pessoais ou utilize nossos servi\u00e7os sem o consentimento de um respons\u00e1vel legal.<\/p>\n<p><b>Altera\u00e7\u00f5es na Pol\u00edtica de Privacidade<\/b><\/p>\n<p>Podemos atualizar esta Pol\u00edtica de Privacidade ocasionalmente para refletir mudan\u00e7as em nossas pr\u00e1ticas de privacidade. Recomendamos que voc\u00ea revise esta pol\u00edtica regularmente para se manter informado sobre como estamos protegendo suas informa\u00e7\u00f5es.<\/p>\n<p><b>Contato<\/b><\/p>\n<p>Se tiver d\u00favidas sobre esta Pol\u00edtica de Privacidade ou quiser exercer seus direitos de privacidade, entre em contato conosco atrav\u00e9s das informa\u00e7\u00f5es de contato fornecidas em nosso site.<\/p>\n<p>Data de entrada em vigor: 15\/08\/2023<\/p>\n<p>Esta Pol\u00edtica de Privacidade foi atualizada pela \u00faltima vez em 15\/08\/2023.<\/p>\t\t\t\t\t\t\t\t<\/div>\n\t\t\t\t<\/div>\n\t\t\t\t\t<\/div>\n\t\t<\/div>\n\t\t\t\t\t<\/div>\n\t\t<\/section>\n\t\t\t\t<\/div>\n\t\t","protected":false},"excerpt":{"rendered":"<p>POL\u00cdTICA DE PRIVACIDADE Pol\u00edtica de Privacidade do Jornal SUL SC Esta Pol\u00edtica de Privacidade descreve como o Jornal SUL SC (&#8220;n\u00f3s&#8221;, &#8220;nosso&#8221;, ou &#8220;SUL SC&#8221;) coleta, utiliza, protege e divulga as informa\u00e7\u00f5es pessoais dos usu\u00e1rios (&#8220;voc\u00ea&#8221; ou &#8220;seu&#8221;) ao utilizar nosso site e servi\u00e7os. Ao acessar ou utilizar o site do Jornal SUL SC, voc\u00ea &hellip;<\/p>\n<p class=\"read-more\"> <a class=\"\" href=\"https:\/\/sulsc.com\/index.php\/politica-de-privacidade-2\/\"> <span class=\"screen-reader-text\">Pol\u00edtica de Privacidade<\/span> Read More &raquo;<\/a><\/p>\n","protected":false},"author":3,"featured_media":0,"parent":0,"menu_order":0,"comment_status":"closed","ping_status":"closed","template":"","meta":{"site-sidebar-layout":"no-sidebar","site-content-layout":"page-builder","ast-site-content-layout":"","site-content-style":"default","site-sidebar-style":"default","ast-global-header-display":"","ast-banner-title-visibility":"","ast-main-header-display":"","ast-hfb-above-header-display":"","ast-hfb-below-header-display":"","ast-hfb-mobile-header-display":"","site-post-title":"disabled","ast-breadcrumbs-content":"","ast-featured-img":"disabled","footer-sml-layout":"","theme-transparent-header-meta":"","adv-header-id-meta":"","stick-header-meta":"","header-above-stick-meta":"","header-main-stick-meta":"","header-below-stick-meta":"","astra-migrate-meta-layouts":"","footnotes":""},"yoast_head":"<!-- This site is optimized with the Yoast SEO plugin v21.4 - https:\/\/yoast.com\/wordpress\/plugins\/seo\/ -->\n<title>Pol\u00edtica de Privacidade -<\/title>\n<meta name=\"robots\" content=\"index, follow, max-snippet:-1, max-image-preview:large, max-video-preview:-1\" \/>\n<link rel=\"canonical\" href=\"https:\/\/sulsc.com\/index.php\/politica-de-privacidade-2\/\" \/>\n<meta property=\"og:locale\" content=\"en_US\" \/>\n<meta property=\"og:type\" content=\"article\" \/>\n<meta property=\"og:title\" content=\"Pol\u00edtica de Privacidade -\" \/>\n<meta property=\"og:description\" content=\"POL\u00cdTICA DE PRIVACIDADE Pol\u00edtica de Privacidade do Jornal SUL SC Esta Pol\u00edtica de Privacidade descreve como o Jornal SUL SC (&#8220;n\u00f3s&#8221;, &#8220;nosso&#8221;, ou &#8220;SUL SC&#8221;) coleta, utiliza, protege e divulga as informa\u00e7\u00f5es pessoais dos usu\u00e1rios (&#8220;voc\u00ea&#8221; ou &#8220;seu&#8221;) ao utilizar nosso site e servi\u00e7os. Ao acessar ou utilizar o site do Jornal SUL SC, voc\u00ea &hellip; Pol\u00edtica de Privacidade Read More &raquo;\" \/>\n<meta property=\"og:url\" content=\"https:\/\/sulsc.com\/index.php\/politica-de-privacidade-2\/\" \/>\n<meta property=\"article:modified_time\" content=\"2023-08-15T13:37:13+00:00\" \/>\n<meta name=\"twitter:card\" content=\"summary_large_image\" \/>\n<meta name=\"twitter:label1\" content=\"Est. reading time\" \/>\n\t<meta name=\"twitter:data1\" content=\"3 minutes\" \/>\n<script type=\"application\/ld+json\" class=\"yoast-schema-graph\">{\"@context\":\"https:\/\/schema.org\",\"@graph\":[{\"@type\":\"WebPage\",\"@id\":\"https:\/\/sulsc.com\/index.php\/politica-de-privacidade-2\/\",\"url\":\"https:\/\/sulsc.com\/index.php\/politica-de-privacidade-2\/\",\"name\":\"Pol\u00edtica de Privacidade -\",\"isPartOf\":{\"@id\":\"https:\/\/sulsc.com\/#website\"},\"datePublished\":\"2023-08-07T16:28:20+00:00\",\"dateModified\":\"2023-08-15T13:37:13+00:00\",\"breadcrumb\":{\"@id\":\"https:\/\/sulsc.com\/index.php\/politica-de-privacidade-2\/#breadcrumb\"},\"inLanguage\":\"en-US\",\"potentialAction\":[{\"@type\":\"ReadAction\",\"target\":[\"https:\/\/sulsc.com\/index.php\/politica-de-privacidade-2\/\"]}]},{\"@type\":\"BreadcrumbList\",\"@id\":\"https:\/\/sulsc.com\/index.php\/politica-de-privacidade-2\/#breadcrumb\",\"itemListElement\":[{\"@type\":\"ListItem\",\"position\":1,\"name\":\"In\u00edcio\",\"item\":\"https:\/\/sulsc.com\/\"},{\"@type\":\"ListItem\",\"position\":2,\"name\":\"Pol\u00edtica de Privacidade\"}]},{\"@type\":\"WebSite\",\"@id\":\"https:\/\/sulsc.com\/#website\",\"url\":\"https:\/\/sulsc.com\/\",\"name\":\"\",\"description\":\"\",\"potentialAction\":[{\"@type\":\"SearchAction\",\"target\":{\"@type\":\"EntryPoint\",\"urlTemplate\":\"https:\/\/sulsc.com\/?s={search_term_string}\"},\"query-input\":\"required name=search_term_string\"}],\"inLanguage\":\"en-US\"}]}<\/script>\n<!-- \/ Yoast SEO plugin. -->","yoast_head_json":{"title":"Pol\u00edtica de Privacidade -","robots":{"index":"index","follow":"follow","max-snippet":"max-snippet:-1","max-image-preview":"max-image-preview:large","max-video-preview":"max-video-preview:-1"},"canonical":"https:\/\/sulsc.com\/index.php\/politica-de-privacidade-2\/","og_locale":"en_US","og_type":"article","og_title":"Pol\u00edtica de Privacidade -","og_description":"POL\u00cdTICA DE PRIVACIDADE Pol\u00edtica de Privacidade do Jornal SUL SC Esta Pol\u00edtica de Privacidade descreve como o Jornal SUL SC (&#8220;n\u00f3s&#8221;, &#8220;nosso&#8221;, ou &#8220;SUL SC&#8221;) coleta, utiliza, protege e divulga as informa\u00e7\u00f5es pessoais dos usu\u00e1rios (&#8220;voc\u00ea&#8221; ou &#8220;seu&#8221;) ao utilizar nosso site e servi\u00e7os. Ao acessar ou utilizar o site do Jornal SUL SC, voc\u00ea &hellip; Pol\u00edtica de Privacidade Read More &raquo;","og_url":"https:\/\/sulsc.com\/index.php\/politica-de-privacidade-2\/","article_modified_time":"2023-08-15T13:37:13+00:00","twitter_card":"summary_large_image","twitter_misc":{"Est. reading time":"3 minutes"},"schema":{"@context":"https:\/\/schema.org","@graph":[{"@type":"WebPage","@id":"https:\/\/sulsc.com\/index.php\/politica-de-privacidade-2\/","url":"https:\/\/sulsc.com\/index.php\/politica-de-privacidade-2\/","name":"Pol\u00edtica de Privacidade -","isPartOf":{"@id":"https:\/\/sulsc.com\/#website"},"datePublished":"2023-08-07T16:28:20+00:00","dateModified":"2023-08-15T13:37:13+00:00","breadcrumb":{"@id":"https:\/\/sulsc.com\/index.php\/politica-de-privacidade-2\/#breadcrumb"},"inLanguage":"en-US","potentialAction":[{"@type":"ReadAction","target":["https:\/\/sulsc.com\/index.php\/politica-de-privacidade-2\/"]}]},{"@type":"BreadcrumbList","@id":"https:\/\/sulsc.com\/index.php\/politica-de-privacidade-2\/#breadcrumb","itemListElement":[{"@type":"ListItem","position":1,"name":"In\u00edcio","item":"https:\/\/sulsc.com\/"},{"@type":"ListItem","position":2,"name":"Pol\u00edtica de Privacidade"}]},{"@type":"WebSite","@id":"https:\/\/sulsc.com\/#website","url":"https:\/\/sulsc.com\/","name":"","description":"","potentialAction":[{"@type":"SearchAction","target":{"@type":"EntryPoint","urlTemplate":"https:\/\/sulsc.com\/?s={search_term_string}"},"query-input":"required name=search_term_string"}],"inLanguage":"en-US"}]}},"_links":{"self":[{"href":"https:\/\/sulsc.com\/index.php\/wp-json\/wp\/v2\/pages\/77"}],"collection":[{"href":"https:\/\/sulsc.com\/index.php\/wp-json\/wp\/v2\/pages"}],"about":[{"href":"https:\/\/sulsc.com\/index.php\/wp-json\/wp\/v2\/types\/page"}],"author":[{"embeddable":true,"href":"https:\/\/sulsc.com\/index.php\/wp-json\/wp\/v2\/users\/3"}],"replies":[{"embeddable":true,"href":"https:\/\/sulsc.com\/index.php\/wp-json\/wp\/v2\/comments?post=77"}],"version-history":[{"count":14,"href":"https:\/\/sulsc.com\/index.php\/wp-json\/wp\/v2\/pages\/77\/revisions"}],"predecessor-version":[{"id":551,"href":"https:\/\/sulsc.com\/index.php\/wp-json\/wp\/v2\/pages\/77\/revisions\/551"}],"wp:attachment":[{"href":"https:\/\/sulsc.com\/index.php\/wp-json\/wp\/v2\/media?parent=77"}],"curies":[{"name":"wp","href":"https:\/\/api.w.org\/{rel}","templated":true}]}}